{"id":14,"date":"2024-03-05T15:10:09","date_gmt":"2024-03-05T14:10:09","guid":{"rendered":"https:\/\/arenagruppen.se\/maktochvalstand\/?page_id=14"},"modified":"2025-03-20T11:23:54","modified_gmt":"2025-03-20T10:23:54","slug":"medverkande","status":"publish","type":"page","link":"https:\/\/arenagruppen.se\/fackenochframtiden\/medverkande\/","title":{"rendered":"Medverkande"},"content":{"rendered":"\n<p><em>Fler medverkande tillkommer<\/em> \u2013 <em>More participants will be added<\/em><\/p>\n\n\n\n<div class=\"wp-block-query alignwide is-layout-flow wp-block-query-is-layout-flow\">\n<div class=\"wp-block-group is-layout-flow wp-block-group-is-layout-flow\"><ul class=\"is-flex-container columns-3 wp-block-post-template is-layout-flow wp-block-post-template-is-layout-flow\"><li class=\"wp-block-post post-426 post type-post status-publish format-standard has-post-thumbnail hentry category-medverkande\">\n\n<div class=\"wp-block-columns alignwide are-vertically-aligned-top is-layout-flex wp-container-core-columns-is-layout-28f84493 wp-block-columns-is-layout-flex\">\n<div class=\"wp-block-column is-vertically-aligned-top is-layout-flow wp-block-column-is-layout-flow\" style=\"flex-basis:66.66%\">\n<div class=\"wp-block-group has-global-padding is-layout-constrained wp-block-group-is-layout-constrained\">\n<div class=\"wp-block-group has-global-padding is-layout-constrained wp-block-group-is-layout-constrained\"><figure class=\"alignleft wp-block-post-featured-image\"><a href=\"https:\/\/arenagruppen.se\/fackenochframtiden\/2025\/06\/02\/alan-manning\/\" target=\"_self\"  ><img fetchpriority=\"high\" decoding=\"async\" width=\"750\" height=\"750\" src=\"https:\/\/arenagruppen.se\/fackenochframtiden\/wp-content\/uploads\/sites\/14\/2025\/03\/alan-manning-kvadrat.jpg\" class=\"attachment-post-thumbnail size-post-thumbnail wp-post-image\" alt=\"Alan Manning\" style=\"object-fit:cover;\" srcset=\"https:\/\/arenagruppen.se\/fackenochframtiden\/wp-content\/uploads\/sites\/14\/2025\/03\/alan-manning-kvadrat.jpg 750w, https:\/\/arenagruppen.se\/fackenochframtiden\/wp-content\/uploads\/sites\/14\/2025\/03\/alan-manning-kvadrat-300x300.jpg 300w, https:\/\/arenagruppen.se\/fackenochframtiden\/wp-content\/uploads\/sites\/14\/2025\/03\/alan-manning-kvadrat-150x150.jpg 150w\" sizes=\"(max-width: 750px) 100vw, 750px\" \/><\/a><\/figure><\/div>\n<\/div>\n<\/div>\n<\/div>\n\n\n<h4 class=\"wp-block-post-title\"><a href=\"https:\/\/arenagruppen.se\/fackenochframtiden\/2025\/06\/02\/alan-manning\/\" target=\"_self\" >Alan Manning<\/a><\/h4>\n\n<div class=\"wp-block-post-excerpt\"><p class=\"wp-block-post-excerpt__excerpt\">Professor, Londons handelsh\u00f6gskola<\/p><p class=\"wp-block-post-excerpt__more-text\"><a class=\"wp-block-post-excerpt__more-link\" href=\"https:\/\/arenagruppen.se\/fackenochframtiden\/2025\/06\/02\/alan-manning\/\"><strong>L\u00e4s mer h\u00e4r<\/strong><\/a><\/p><\/div>\n<\/li><li class=\"wp-block-post post-993 post type-post status-publish format-standard has-post-thumbnail hentry category-medverkande\">\n\n<div class=\"wp-block-columns alignwide are-vertically-aligned-top is-layout-flex wp-container-core-columns-is-layout-28f84493 wp-block-columns-is-layout-flex\">\n<div class=\"wp-block-column is-vertically-aligned-top is-layout-flow wp-block-column-is-layout-flow\" style=\"flex-basis:66.66%\">\n<div class=\"wp-block-group has-global-padding is-layout-constrained wp-block-group-is-layout-constrained\">\n<div class=\"wp-block-group has-global-padding is-layout-constrained wp-block-group-is-layout-constrained\"><figure class=\"alignleft wp-block-post-featured-image\"><a href=\"https:\/\/arenagruppen.se\/fackenochframtiden\/2025\/06\/02\/roger-bjornstad\/\" target=\"_self\"  ><img decoding=\"async\" width=\"500\" height=\"500\" src=\"https:\/\/arenagruppen.se\/fackenochframtiden\/wp-content\/uploads\/sites\/14\/2025\/06\/portratt-kvadrat-8.jpg\" class=\"attachment-post-thumbnail size-post-thumbnail wp-post-image\" alt=\"Roger Bj\u00f8rnstad\" style=\"object-fit:cover;\" srcset=\"https:\/\/arenagruppen.se\/fackenochframtiden\/wp-content\/uploads\/sites\/14\/2025\/06\/portratt-kvadrat-8.jpg 500w, https:\/\/arenagruppen.se\/fackenochframtiden\/wp-content\/uploads\/sites\/14\/2025\/06\/portratt-kvadrat-8-300x300.jpg 300w, https:\/\/arenagruppen.se\/fackenochframtiden\/wp-content\/uploads\/sites\/14\/2025\/06\/portratt-kvadrat-8-150x150.jpg 150w\" sizes=\"(max-width: 500px) 100vw, 500px\" \/><\/a><\/figure><\/div>\n<\/div>\n<\/div>\n<\/div>\n\n\n<h4 class=\"wp-block-post-title\"><a href=\"https:\/\/arenagruppen.se\/fackenochframtiden\/2025\/06\/02\/roger-bjornstad\/\" target=\"_self\" >Roger Bj\u00f8rnstad<\/a><\/h4>\n\n<div class=\"wp-block-post-excerpt\"><p class=\"wp-block-post-excerpt__excerpt\">Chefsekonom, LO Norge<\/p><p class=\"wp-block-post-excerpt__more-text\"><a class=\"wp-block-post-excerpt__more-link\" href=\"https:\/\/arenagruppen.se\/fackenochframtiden\/2025\/06\/02\/roger-bjornstad\/\"><strong>L\u00e4s mer h\u00e4r<\/strong><\/a><\/p><\/div>\n<\/li><li class=\"wp-block-post post-979 post type-post status-publish format-standard has-post-thumbnail hentry category-medverkande\">\n\n<div class=\"wp-block-columns alignwide are-vertically-aligned-top is-layout-flex wp-container-core-columns-is-layout-28f84493 wp-block-columns-is-layout-flex\">\n<div class=\"wp-block-column is-vertically-aligned-top is-layout-flow wp-block-column-is-layout-flow\" style=\"flex-basis:66.66%\">\n<div class=\"wp-block-group has-global-padding is-layout-constrained wp-block-group-is-layout-constrained\">\n<div class=\"wp-block-group has-global-padding is-layout-constrained wp-block-group-is-layout-constrained\"><figure class=\"alignleft wp-block-post-featured-image\"><a href=\"https:\/\/arenagruppen.se\/fackenochframtiden\/2025\/05\/27\/leila-ali-elmi\/\" target=\"_self\"  ><img decoding=\"async\" width=\"500\" height=\"500\" src=\"https:\/\/arenagruppen.se\/fackenochframtiden\/wp-content\/uploads\/sites\/14\/2025\/05\/portratt-kvadrat-6.jpg\" class=\"attachment-post-thumbnail size-post-thumbnail wp-post-image\" alt=\"Leila Ali Elmi\" style=\"object-fit:cover;\" srcset=\"https:\/\/arenagruppen.se\/fackenochframtiden\/wp-content\/uploads\/sites\/14\/2025\/05\/portratt-kvadrat-6.jpg 500w, https:\/\/arenagruppen.se\/fackenochframtiden\/wp-content\/uploads\/sites\/14\/2025\/05\/portratt-kvadrat-6-300x300.jpg 300w, https:\/\/arenagruppen.se\/fackenochframtiden\/wp-content\/uploads\/sites\/14\/2025\/05\/portratt-kvadrat-6-150x150.jpg 150w\" sizes=\"(max-width: 500px) 100vw, 500px\" \/><\/a><\/figure><\/div>\n<\/div>\n<\/div>\n<\/div>\n\n\n<h4 class=\"wp-block-post-title\"><a href=\"https:\/\/arenagruppen.se\/fackenochframtiden\/2025\/05\/27\/leila-ali-elmi\/\" target=\"_self\" >Leila Ali Elmi<\/a><\/h4>\n\n<div class=\"wp-block-post-excerpt\"><p class=\"wp-block-post-excerpt__excerpt\">Ledamot (MP), Arbetsmarknadsutskottet<\/p><p class=\"wp-block-post-excerpt__more-text\"><a class=\"wp-block-post-excerpt__more-link\" href=\"https:\/\/arenagruppen.se\/fackenochframtiden\/2025\/05\/27\/leila-ali-elmi\/\"><strong>L\u00e4s mer h\u00e4r<\/strong><\/a><\/p><\/div>\n<\/li><li class=\"wp-block-post post-961 post type-post status-publish format-standard has-post-thumbnail hentry category-medverkande\">\n\n<div class=\"wp-block-columns alignwide are-vertically-aligned-top is-layout-flex wp-container-core-columns-is-layout-28f84493 wp-block-columns-is-layout-flex\">\n<div class=\"wp-block-column is-vertically-aligned-top is-layout-flow wp-block-column-is-layout-flow\" style=\"flex-basis:66.66%\">\n<div class=\"wp-block-group has-global-padding is-layout-constrained wp-block-group-is-layout-constrained\">\n<div class=\"wp-block-group has-global-padding is-layout-constrained wp-block-group-is-layout-constrained\"><figure class=\"alignleft wp-block-post-featured-image\"><a href=\"https:\/\/arenagruppen.se\/fackenochframtiden\/2025\/05\/22\/oskar-nordstrom-skans\/\" target=\"_self\"  ><img loading=\"lazy\" decoding=\"async\" width=\"500\" height=\"500\" src=\"https:\/\/arenagruppen.se\/fackenochframtiden\/wp-content\/uploads\/sites\/14\/2025\/05\/portratt-kvadrat-5.jpg\" class=\"attachment-post-thumbnail size-post-thumbnail wp-post-image\" alt=\"Oskar Nordstr\u00f6m Skans\" style=\"object-fit:cover;\" srcset=\"https:\/\/arenagruppen.se\/fackenochframtiden\/wp-content\/uploads\/sites\/14\/2025\/05\/portratt-kvadrat-5.jpg 500w, https:\/\/arenagruppen.se\/fackenochframtiden\/wp-content\/uploads\/sites\/14\/2025\/05\/portratt-kvadrat-5-300x300.jpg 300w, https:\/\/arenagruppen.se\/fackenochframtiden\/wp-content\/uploads\/sites\/14\/2025\/05\/portratt-kvadrat-5-150x150.jpg 150w\" sizes=\"(max-width: 500px) 100vw, 500px\" \/><\/a><\/figure><\/div>\n<\/div>\n<\/div>\n<\/div>\n\n\n<h4 class=\"wp-block-post-title\"><a href=\"https:\/\/arenagruppen.se\/fackenochframtiden\/2025\/05\/22\/oskar-nordstrom-skans\/\" target=\"_self\" >Oskar Nordstr\u00f6m Skans<\/a><\/h4>\n\n<div class=\"wp-block-post-excerpt\"><p class=\"wp-block-post-excerpt__excerpt\">Professor, Uppsala universitet<\/p><p class=\"wp-block-post-excerpt__more-text\"><a class=\"wp-block-post-excerpt__more-link\" href=\"https:\/\/arenagruppen.se\/fackenochframtiden\/2025\/05\/22\/oskar-nordstrom-skans\/\"><strong>L\u00e4s mer h\u00e4r<\/strong><\/a><\/p><\/div>\n<\/li><li class=\"wp-block-post post-955 post type-post status-publish format-standard has-post-thumbnail hentry category-medverkande\">\n\n<div class=\"wp-block-columns alignwide are-vertically-aligned-top is-layout-flex wp-container-core-columns-is-layout-28f84493 wp-block-columns-is-layout-flex\">\n<div class=\"wp-block-column is-vertically-aligned-top is-layout-flow wp-block-column-is-layout-flow\" style=\"flex-basis:66.66%\">\n<div class=\"wp-block-group has-global-padding is-layout-constrained wp-block-group-is-layout-constrained\">\n<div class=\"wp-block-group has-global-padding is-layout-constrained wp-block-group-is-layout-constrained\"><figure class=\"alignleft wp-block-post-featured-image\"><a href=\"https:\/\/arenagruppen.se\/fackenochframtiden\/2025\/05\/20\/martin-linder\/\" target=\"_self\"  ><img loading=\"lazy\" decoding=\"async\" width=\"500\" height=\"500\" src=\"https:\/\/arenagruppen.se\/fackenochframtiden\/wp-content\/uploads\/sites\/14\/2025\/05\/portratt-kvadrat-2.jpg\" class=\"attachment-post-thumbnail size-post-thumbnail wp-post-image\" alt=\"Martin Linder\" style=\"object-fit:cover;\" srcset=\"https:\/\/arenagruppen.se\/fackenochframtiden\/wp-content\/uploads\/sites\/14\/2025\/05\/portratt-kvadrat-2.jpg 500w, https:\/\/arenagruppen.se\/fackenochframtiden\/wp-content\/uploads\/sites\/14\/2025\/05\/portratt-kvadrat-2-300x300.jpg 300w, https:\/\/arenagruppen.se\/fackenochframtiden\/wp-content\/uploads\/sites\/14\/2025\/05\/portratt-kvadrat-2-150x150.jpg 150w\" sizes=\"(max-width: 500px) 100vw, 500px\" \/><\/a><\/figure><\/div>\n<\/div>\n<\/div>\n<\/div>\n\n\n<h4 class=\"wp-block-post-title\"><a href=\"https:\/\/arenagruppen.se\/fackenochframtiden\/2025\/05\/20\/martin-linder\/\" target=\"_self\" >Martin Linder<\/a><\/h4>\n\n<div class=\"wp-block-post-excerpt\"><p class=\"wp-block-post-excerpt__excerpt\">Konsult och skribent<\/p><p class=\"wp-block-post-excerpt__more-text\"><a class=\"wp-block-post-excerpt__more-link\" href=\"https:\/\/arenagruppen.se\/fackenochframtiden\/2025\/05\/20\/martin-linder\/\"><strong>L\u00e4s mer h\u00e4r<\/strong><\/a><\/p><\/div>\n<\/li><li class=\"wp-block-post post-951 post type-post status-publish format-standard has-post-thumbnail hentry category-medverkande\">\n\n<div class=\"wp-block-columns alignwide are-vertically-aligned-top is-layout-flex wp-container-core-columns-is-layout-28f84493 wp-block-columns-is-layout-flex\">\n<div class=\"wp-block-column is-vertically-aligned-top is-layout-flow wp-block-column-is-layout-flow\" style=\"flex-basis:66.66%\">\n<div class=\"wp-block-group has-global-padding is-layout-constrained wp-block-group-is-layout-constrained\">\n<div class=\"wp-block-group has-global-padding is-layout-constrained wp-block-group-is-layout-constrained\"><figure class=\"alignleft wp-block-post-featured-image\"><a href=\"https:\/\/arenagruppen.se\/fackenochframtiden\/2025\/05\/16\/kristina-persdotter\/\" target=\"_self\"  ><img loading=\"lazy\" decoding=\"async\" width=\"500\" height=\"500\" src=\"https:\/\/arenagruppen.se\/fackenochframtiden\/wp-content\/uploads\/sites\/14\/2025\/05\/portratt-kvadrat-1.jpg\" class=\"attachment-post-thumbnail size-post-thumbnail wp-post-image\" alt=\"Kristina Persdotter\" style=\"object-fit:cover;\" srcset=\"https:\/\/arenagruppen.se\/fackenochframtiden\/wp-content\/uploads\/sites\/14\/2025\/05\/portratt-kvadrat-1.jpg 500w, https:\/\/arenagruppen.se\/fackenochframtiden\/wp-content\/uploads\/sites\/14\/2025\/05\/portratt-kvadrat-1-300x300.jpg 300w, https:\/\/arenagruppen.se\/fackenochframtiden\/wp-content\/uploads\/sites\/14\/2025\/05\/portratt-kvadrat-1-150x150.jpg 150w\" sizes=\"(max-width: 500px) 100vw, 500px\" \/><\/a><\/figure><\/div>\n<\/div>\n<\/div>\n<\/div>\n\n\n<h4 class=\"wp-block-post-title\"><a href=\"https:\/\/arenagruppen.se\/fackenochframtiden\/2025\/05\/16\/kristina-persdotter\/\" target=\"_self\" >Kristina Persdotter<\/a><\/h4>\n\n<div class=\"wp-block-post-excerpt\"><p class=\"wp-block-post-excerpt__excerpt\">Frist\u00e5ende konsult och tidigare statssekreterare<\/p><p class=\"wp-block-post-excerpt__more-text\"><a class=\"wp-block-post-excerpt__more-link\" href=\"https:\/\/arenagruppen.se\/fackenochframtiden\/2025\/05\/16\/kristina-persdotter\/\"><strong>L\u00e4s mer h\u00e4r<\/strong><\/a><\/p><\/div>\n<\/li><li class=\"wp-block-post post-893 post type-post status-publish format-standard has-post-thumbnail hentry category-medverkande\">\n\n<div class=\"wp-block-columns alignwide are-vertically-aligned-top is-layout-flex wp-container-core-columns-is-layout-28f84493 wp-block-columns-is-layout-flex\">\n<div class=\"wp-block-column is-vertically-aligned-top is-layout-flow wp-block-column-is-layout-flow\" style=\"flex-basis:66.66%\">\n<div class=\"wp-block-group has-global-padding is-layout-constrained wp-block-group-is-layout-constrained\">\n<div class=\"wp-block-group has-global-padding is-layout-constrained wp-block-group-is-layout-constrained\"><figure class=\"alignleft wp-block-post-featured-image\"><a href=\"https:\/\/arenagruppen.se\/fackenochframtiden\/2025\/04\/03\/oliver-rosengren\/\" target=\"_self\"  ><img loading=\"lazy\" decoding=\"async\" width=\"500\" height=\"500\" src=\"https:\/\/arenagruppen.se\/fackenochframtiden\/wp-content\/uploads\/sites\/14\/2025\/04\/portratt-kvadrat-2.jpg\" class=\"attachment-post-thumbnail size-post-thumbnail wp-post-image\" alt=\"Oliver Rosengren\" style=\"object-fit:cover;\" srcset=\"https:\/\/arenagruppen.se\/fackenochframtiden\/wp-content\/uploads\/sites\/14\/2025\/04\/portratt-kvadrat-2.jpg 500w, https:\/\/arenagruppen.se\/fackenochframtiden\/wp-content\/uploads\/sites\/14\/2025\/04\/portratt-kvadrat-2-300x300.jpg 300w, https:\/\/arenagruppen.se\/fackenochframtiden\/wp-content\/uploads\/sites\/14\/2025\/04\/portratt-kvadrat-2-150x150.jpg 150w\" sizes=\"(max-width: 500px) 100vw, 500px\" \/><\/a><\/figure><\/div>\n<\/div>\n<\/div>\n<\/div>\n\n\n<h4 class=\"wp-block-post-title\"><a href=\"https:\/\/arenagruppen.se\/fackenochframtiden\/2025\/04\/03\/oliver-rosengren\/\" target=\"_self\" >Oliver Rosengren<\/a><\/h4>\n\n<div class=\"wp-block-post-excerpt\"><p class=\"wp-block-post-excerpt__excerpt\">Ledamot (M), Arbetsmarknadsutskottet<\/p><p class=\"wp-block-post-excerpt__more-text\"><a class=\"wp-block-post-excerpt__more-link\" href=\"https:\/\/arenagruppen.se\/fackenochframtiden\/2025\/04\/03\/oliver-rosengren\/\"><strong>L\u00e4s mer h\u00e4r<\/strong><\/a><\/p><\/div>\n<\/li><li class=\"wp-block-post post-887 post type-post status-publish format-standard has-post-thumbnail hentry category-medverkande\">\n\n<div class=\"wp-block-columns alignwide are-vertically-aligned-top is-layout-flex wp-container-core-columns-is-layout-28f84493 wp-block-columns-is-layout-flex\">\n<div class=\"wp-block-column is-vertically-aligned-top is-layout-flow wp-block-column-is-layout-flow\" style=\"flex-basis:66.66%\">\n<div class=\"wp-block-group has-global-padding is-layout-constrained wp-block-group-is-layout-constrained\">\n<div class=\"wp-block-group has-global-padding is-layout-constrained wp-block-group-is-layout-constrained\"><figure class=\"alignleft wp-block-post-featured-image\"><a href=\"https:\/\/arenagruppen.se\/fackenochframtiden\/2025\/04\/03\/jon-erik-dolvik\/\" target=\"_self\"  ><img loading=\"lazy\" decoding=\"async\" width=\"500\" height=\"500\" src=\"https:\/\/arenagruppen.se\/fackenochframtiden\/wp-content\/uploads\/sites\/14\/2025\/04\/portratt-kvadrat-1.jpg\" class=\"attachment-post-thumbnail size-post-thumbnail wp-post-image\" alt=\"Jon Erik D\u00f8lvik\" style=\"object-fit:cover;\" srcset=\"https:\/\/arenagruppen.se\/fackenochframtiden\/wp-content\/uploads\/sites\/14\/2025\/04\/portratt-kvadrat-1.jpg 500w, https:\/\/arenagruppen.se\/fackenochframtiden\/wp-content\/uploads\/sites\/14\/2025\/04\/portratt-kvadrat-1-300x300.jpg 300w, https:\/\/arenagruppen.se\/fackenochframtiden\/wp-content\/uploads\/sites\/14\/2025\/04\/portratt-kvadrat-1-150x150.jpg 150w\" sizes=\"(max-width: 500px) 100vw, 500px\" \/><\/a><\/figure><\/div>\n<\/div>\n<\/div>\n<\/div>\n\n\n<h4 class=\"wp-block-post-title\"><a href=\"https:\/\/arenagruppen.se\/fackenochframtiden\/2025\/04\/03\/jon-erik-dolvik\/\" target=\"_self\" >Jon Erik D\u00f8lvik<\/a><\/h4>\n\n<div class=\"wp-block-post-excerpt\"><p class=\"wp-block-post-excerpt__excerpt\">Professor emeritus, Forskningsstiftelsen FAFO<\/p><p class=\"wp-block-post-excerpt__more-text\"><a class=\"wp-block-post-excerpt__more-link\" href=\"https:\/\/arenagruppen.se\/fackenochframtiden\/2025\/04\/03\/jon-erik-dolvik\/\"><strong>L\u00e4s mer h\u00e4r<\/strong><\/a><\/p><\/div>\n<\/li><li class=\"wp-block-post post-855 post type-post status-publish format-standard has-post-thumbnail hentry category-medverkande\">\n\n<div class=\"wp-block-columns alignwide are-vertically-aligned-top is-layout-flex wp-container-core-columns-is-layout-28f84493 wp-block-columns-is-layout-flex\">\n<div class=\"wp-block-column is-vertically-aligned-top is-layout-flow wp-block-column-is-layout-flow\" style=\"flex-basis:66.66%\">\n<div class=\"wp-block-group has-global-padding is-layout-constrained wp-block-group-is-layout-constrained\">\n<div class=\"wp-block-group has-global-padding is-layout-constrained wp-block-group-is-layout-constrained\"><figure class=\"alignleft wp-block-post-featured-image\"><a href=\"https:\/\/arenagruppen.se\/fackenochframtiden\/2025\/03\/31\/ursula-berge\/\" target=\"_self\"  ><img loading=\"lazy\" decoding=\"async\" width=\"500\" height=\"500\" src=\"https:\/\/arenagruppen.se\/fackenochframtiden\/wp-content\/uploads\/sites\/14\/2025\/03\/portratt-kvadrat.jpg\" class=\"attachment-post-thumbnail size-post-thumbnail wp-post-image\" alt=\"Ursula Berge\" style=\"object-fit:cover;\" srcset=\"https:\/\/arenagruppen.se\/fackenochframtiden\/wp-content\/uploads\/sites\/14\/2025\/03\/portratt-kvadrat.jpg 500w, https:\/\/arenagruppen.se\/fackenochframtiden\/wp-content\/uploads\/sites\/14\/2025\/03\/portratt-kvadrat-300x300.jpg 300w, https:\/\/arenagruppen.se\/fackenochframtiden\/wp-content\/uploads\/sites\/14\/2025\/03\/portratt-kvadrat-150x150.jpg 150w\" sizes=\"(max-width: 500px) 100vw, 500px\" \/><\/a><\/figure><\/div>\n<\/div>\n<\/div>\n<\/div>\n\n\n<h4 class=\"wp-block-post-title\"><a href=\"https:\/\/arenagruppen.se\/fackenochframtiden\/2025\/03\/31\/ursula-berge\/\" target=\"_self\" >Ursula Berge<\/a><\/h4>\n\n<div class=\"wp-block-post-excerpt\"><p class=\"wp-block-post-excerpt__excerpt\">Samh\u00e4llspolitisk chef, Akademikerf\u00f6rbundet SSR<\/p><p class=\"wp-block-post-excerpt__more-text\"><a class=\"wp-block-post-excerpt__more-link\" href=\"https:\/\/arenagruppen.se\/fackenochframtiden\/2025\/03\/31\/ursula-berge\/\"><strong>L\u00e4s mer h\u00e4r<\/strong><\/a><\/p><\/div>\n<\/li><li class=\"wp-block-post post-466 post type-post status-publish format-standard has-post-thumbnail hentry category-medverkande\">\n\n<div class=\"wp-block-columns alignwide are-vertically-aligned-top is-layout-flex wp-container-core-columns-is-layout-28f84493 wp-block-columns-is-layout-flex\">\n<div class=\"wp-block-column is-vertically-aligned-top is-layout-flow wp-block-column-is-layout-flow\" style=\"flex-basis:66.66%\">\n<div class=\"wp-block-group has-global-padding is-layout-constrained wp-block-group-is-layout-constrained\">\n<div class=\"wp-block-group has-global-padding is-layout-constrained wp-block-group-is-layout-constrained\"><figure class=\"alignleft wp-block-post-featured-image\"><a href=\"https:\/\/arenagruppen.se\/fackenochframtiden\/2025\/03\/21\/irene-wennemo\/\" target=\"_self\"  ><img loading=\"lazy\" decoding=\"async\" width=\"750\" height=\"750\" src=\"https:\/\/arenagruppen.se\/fackenochframtiden\/wp-content\/uploads\/sites\/14\/2025\/03\/irene-wennemo-kvadrat.jpg\" class=\"attachment-post-thumbnail size-post-thumbnail wp-post-image\" alt=\"Irene Wennemo\" style=\"object-fit:cover;\" srcset=\"https:\/\/arenagruppen.se\/fackenochframtiden\/wp-content\/uploads\/sites\/14\/2025\/03\/irene-wennemo-kvadrat.jpg 750w, https:\/\/arenagruppen.se\/fackenochframtiden\/wp-content\/uploads\/sites\/14\/2025\/03\/irene-wennemo-kvadrat-300x300.jpg 300w, https:\/\/arenagruppen.se\/fackenochframtiden\/wp-content\/uploads\/sites\/14\/2025\/03\/irene-wennemo-kvadrat-150x150.jpg 150w\" sizes=\"(max-width: 750px) 100vw, 750px\" \/><\/a><\/figure><\/div>\n<\/div>\n<\/div>\n<\/div>\n\n\n<h4 class=\"wp-block-post-title\"><a href=\"https:\/\/arenagruppen.se\/fackenochframtiden\/2025\/03\/21\/irene-wennemo\/\" target=\"_self\" >Irene Wennemo<\/a><\/h4>\n\n<div class=\"wp-block-post-excerpt\"><p class=\"wp-block-post-excerpt__excerpt\">GD, Medlingsinstitutet<\/p><p class=\"wp-block-post-excerpt__more-text\"><a class=\"wp-block-post-excerpt__more-link\" href=\"https:\/\/arenagruppen.se\/fackenochframtiden\/2025\/03\/21\/irene-wennemo\/\"><strong>L\u00e4s mer h\u00e4r<\/strong><\/a><\/p><\/div>\n<\/li><li class=\"wp-block-post post-445 post type-post status-publish format-standard has-post-thumbnail hentry category-medverkande\">\n\n<div class=\"wp-block-columns alignwide are-vertically-aligned-top is-layout-flex wp-container-core-columns-is-layout-28f84493 wp-block-columns-is-layout-flex\">\n<div class=\"wp-block-column is-vertically-aligned-top is-layout-flow wp-block-column-is-layout-flow\" style=\"flex-basis:66.66%\">\n<div class=\"wp-block-group has-global-padding is-layout-constrained wp-block-group-is-layout-constrained\">\n<div class=\"wp-block-group has-global-padding is-layout-constrained wp-block-group-is-layout-constrained\"><figure class=\"alignleft wp-block-post-featured-image\"><a href=\"https:\/\/arenagruppen.se\/fackenochframtiden\/2025\/03\/21\/attila-lindner\/\" target=\"_self\"  ><img loading=\"lazy\" decoding=\"async\" width=\"750\" height=\"750\" src=\"https:\/\/arenagruppen.se\/fackenochframtiden\/wp-content\/uploads\/sites\/14\/2025\/03\/attila-lindner-kvadrat.jpg\" class=\"attachment-post-thumbnail size-post-thumbnail wp-post-image\" alt=\"Attila Lindner\" style=\"object-fit:cover;\" srcset=\"https:\/\/arenagruppen.se\/fackenochframtiden\/wp-content\/uploads\/sites\/14\/2025\/03\/attila-lindner-kvadrat.jpg 750w, https:\/\/arenagruppen.se\/fackenochframtiden\/wp-content\/uploads\/sites\/14\/2025\/03\/attila-lindner-kvadrat-300x300.jpg 300w, https:\/\/arenagruppen.se\/fackenochframtiden\/wp-content\/uploads\/sites\/14\/2025\/03\/attila-lindner-kvadrat-150x150.jpg 150w\" sizes=\"(max-width: 750px) 100vw, 750px\" \/><\/a><\/figure><\/div>\n<\/div>\n<\/div>\n<\/div>\n\n\n<h4 class=\"wp-block-post-title\"><a href=\"https:\/\/arenagruppen.se\/fackenochframtiden\/2025\/03\/21\/attila-lindner\/\" target=\"_self\" >Attila Lindner<\/a><\/h4>\n\n<div class=\"wp-block-post-excerpt\"><p class=\"wp-block-post-excerpt__excerpt\">Professor, Londons universitet<\/p><p class=\"wp-block-post-excerpt__more-text\"><a class=\"wp-block-post-excerpt__more-link\" href=\"https:\/\/arenagruppen.se\/fackenochframtiden\/2025\/03\/21\/attila-lindner\/\"><strong>L\u00e4s mer h\u00e4r<\/strong><\/a><\/p><\/div>\n<\/li><li class=\"wp-block-post post-457 post type-post status-publish format-standard has-post-thumbnail hentry category-medverkande\">\n\n<div class=\"wp-block-columns alignwide are-vertically-aligned-top is-layout-flex wp-container-core-columns-is-layout-28f84493 wp-block-columns-is-layout-flex\">\n<div class=\"wp-block-column is-vertically-aligned-top is-layout-flow wp-block-column-is-layout-flow\" style=\"flex-basis:66.66%\">\n<div class=\"wp-block-group has-global-padding is-layout-constrained wp-block-group-is-layout-constrained\">\n<div class=\"wp-block-group has-global-padding is-layout-constrained wp-block-group-is-layout-constrained\"><figure class=\"alignleft wp-block-post-featured-image\"><a href=\"https:\/\/arenagruppen.se\/fackenochframtiden\/2025\/03\/21\/harald-dale-olsen\/\" target=\"_self\"  ><img loading=\"lazy\" decoding=\"async\" width=\"750\" height=\"750\" src=\"https:\/\/arenagruppen.se\/fackenochframtiden\/wp-content\/uploads\/sites\/14\/2025\/03\/harald-dale-olsen-kvadrat.jpg\" class=\"attachment-post-thumbnail size-post-thumbnail wp-post-image\" alt=\"Harald Dale-Olsen\" style=\"object-fit:cover;\" srcset=\"https:\/\/arenagruppen.se\/fackenochframtiden\/wp-content\/uploads\/sites\/14\/2025\/03\/harald-dale-olsen-kvadrat.jpg 750w, https:\/\/arenagruppen.se\/fackenochframtiden\/wp-content\/uploads\/sites\/14\/2025\/03\/harald-dale-olsen-kvadrat-300x300.jpg 300w, https:\/\/arenagruppen.se\/fackenochframtiden\/wp-content\/uploads\/sites\/14\/2025\/03\/harald-dale-olsen-kvadrat-150x150.jpg 150w\" sizes=\"(max-width: 750px) 100vw, 750px\" \/><\/a><\/figure><\/div>\n<\/div>\n<\/div>\n<\/div>\n\n\n<h4 class=\"wp-block-post-title\"><a href=\"https:\/\/arenagruppen.se\/fackenochframtiden\/2025\/03\/21\/harald-dale-olsen\/\" target=\"_self\" >Harald Dale-Olsen<\/a><\/h4>\n\n<div class=\"wp-block-post-excerpt\"><p class=\"wp-block-post-excerpt__excerpt\">Professor, Institutet f\u00f6r samh\u00e4llsforskning, Oslo<\/p><p class=\"wp-block-post-excerpt__more-text\"><a class=\"wp-block-post-excerpt__more-link\" href=\"https:\/\/arenagruppen.se\/fackenochframtiden\/2025\/03\/21\/harald-dale-olsen\/\"><strong>L\u00e4s mer h\u00e4r<\/strong><\/a><\/p><\/div>\n<\/li><li class=\"wp-block-post post-435 post type-post status-publish format-standard has-post-thumbnail hentry category-medverkande\">\n\n<div class=\"wp-block-columns alignwide are-vertically-aligned-top is-layout-flex wp-container-core-columns-is-layout-28f84493 wp-block-columns-is-layout-flex\">\n<div class=\"wp-block-column is-vertically-aligned-top is-layout-flow wp-block-column-is-layout-flow\" style=\"flex-basis:66.66%\">\n<div class=\"wp-block-group has-global-padding is-layout-constrained wp-block-group-is-layout-constrained\">\n<div class=\"wp-block-group has-global-padding is-layout-constrained wp-block-group-is-layout-constrained\"><figure class=\"alignleft wp-block-post-featured-image\"><a href=\"https:\/\/arenagruppen.se\/fackenochframtiden\/2025\/03\/21\/anna-stansbury\/\" target=\"_self\"  ><img loading=\"lazy\" decoding=\"async\" width=\"750\" height=\"750\" src=\"https:\/\/arenagruppen.se\/fackenochframtiden\/wp-content\/uploads\/sites\/14\/2025\/03\/anna-stansbury.jpg\" class=\"attachment-post-thumbnail size-post-thumbnail wp-post-image\" alt=\"Anna Stansbury\" style=\"object-fit:cover;\" srcset=\"https:\/\/arenagruppen.se\/fackenochframtiden\/wp-content\/uploads\/sites\/14\/2025\/03\/anna-stansbury.jpg 750w, https:\/\/arenagruppen.se\/fackenochframtiden\/wp-content\/uploads\/sites\/14\/2025\/03\/anna-stansbury-300x300.jpg 300w, https:\/\/arenagruppen.se\/fackenochframtiden\/wp-content\/uploads\/sites\/14\/2025\/03\/anna-stansbury-150x150.jpg 150w\" sizes=\"(max-width: 750px) 100vw, 750px\" \/><\/a><\/figure><\/div>\n<\/div>\n<\/div>\n<\/div>\n\n\n<h4 class=\"wp-block-post-title\"><a href=\"https:\/\/arenagruppen.se\/fackenochframtiden\/2025\/03\/21\/anna-stansbury\/\" target=\"_self\" >Anna Stansbury<\/a><\/h4>\n\n<div class=\"wp-block-post-excerpt\"><p class=\"wp-block-post-excerpt__excerpt\">Arbetsmarknadsforskare, MIT<\/p><p class=\"wp-block-post-excerpt__more-text\"><a class=\"wp-block-post-excerpt__more-link\" href=\"https:\/\/arenagruppen.se\/fackenochframtiden\/2025\/03\/21\/anna-stansbury\/\"><strong>L\u00e4s mer h\u00e4r<\/strong><\/a><\/p><\/div>\n<\/li><li class=\"wp-block-post post-463 post type-post status-publish format-standard has-post-thumbnail hentry category-medverkande\">\n\n<div class=\"wp-block-columns alignwide are-vertically-aligned-top is-layout-flex wp-container-core-columns-is-layout-28f84493 wp-block-columns-is-layout-flex\">\n<div class=\"wp-block-column is-vertically-aligned-top is-layout-flow wp-block-column-is-layout-flow\" style=\"flex-basis:66.66%\">\n<div class=\"wp-block-group has-global-padding is-layout-constrained wp-block-group-is-layout-constrained\">\n<div class=\"wp-block-group has-global-padding is-layout-constrained wp-block-group-is-layout-constrained\"><figure class=\"alignleft wp-block-post-featured-image\"><a href=\"https:\/\/arenagruppen.se\/fackenochframtiden\/2025\/03\/21\/ioana-marinescu\/\" target=\"_self\"  ><img loading=\"lazy\" decoding=\"async\" width=\"750\" height=\"750\" src=\"https:\/\/arenagruppen.se\/fackenochframtiden\/wp-content\/uploads\/sites\/14\/2025\/03\/ioana-marinescu-kvadrat.jpg\" class=\"attachment-post-thumbnail size-post-thumbnail wp-post-image\" alt=\"Ioana Marinescu\" style=\"object-fit:cover;\" srcset=\"https:\/\/arenagruppen.se\/fackenochframtiden\/wp-content\/uploads\/sites\/14\/2025\/03\/ioana-marinescu-kvadrat.jpg 750w, https:\/\/arenagruppen.se\/fackenochframtiden\/wp-content\/uploads\/sites\/14\/2025\/03\/ioana-marinescu-kvadrat-300x300.jpg 300w, https:\/\/arenagruppen.se\/fackenochframtiden\/wp-content\/uploads\/sites\/14\/2025\/03\/ioana-marinescu-kvadrat-150x150.jpg 150w\" sizes=\"(max-width: 750px) 100vw, 750px\" \/><\/a><\/figure><\/div>\n<\/div>\n<\/div>\n<\/div>\n\n\n<h4 class=\"wp-block-post-title\"><a href=\"https:\/\/arenagruppen.se\/fackenochframtiden\/2025\/03\/21\/ioana-marinescu\/\" target=\"_self\" >Ioana Marinescu<\/a><\/h4>\n\n<div class=\"wp-block-post-excerpt\"><p class=\"wp-block-post-excerpt__excerpt\">Professor, Pennsylvanias universitet<\/p><p class=\"wp-block-post-excerpt__more-text\"><a class=\"wp-block-post-excerpt__more-link\" href=\"https:\/\/arenagruppen.se\/fackenochframtiden\/2025\/03\/21\/ioana-marinescu\/\"><strong>L\u00e4s mer h\u00e4r<\/strong><\/a><\/p><\/div>\n<\/li><li class=\"wp-block-post post-712 post type-post status-publish format-standard has-post-thumbnail hentry category-medverkande\">\n\n<div class=\"wp-block-columns alignwide are-vertically-aligned-top is-layout-flex wp-container-core-columns-is-layout-28f84493 wp-block-columns-is-layout-flex\">\n<div class=\"wp-block-column is-vertically-aligned-top is-layout-flow wp-block-column-is-layout-flow\" style=\"flex-basis:66.66%\">\n<div class=\"wp-block-group has-global-padding is-layout-constrained wp-block-group-is-layout-constrained\">\n<div class=\"wp-block-group has-global-padding is-layout-constrained wp-block-group-is-layout-constrained\"><figure class=\"alignleft wp-block-post-featured-image\"><a href=\"https:\/\/arenagruppen.se\/fackenochframtiden\/2025\/03\/21\/daniel-swedin\/\" target=\"_self\"  ><img loading=\"lazy\" decoding=\"async\" width=\"1188\" height=\"1188\" src=\"https:\/\/arenagruppen.se\/fackenochframtiden\/wp-content\/uploads\/sites\/14\/2025\/03\/portratt-kvadrat.png\" class=\"attachment-post-thumbnail size-post-thumbnail wp-post-image\" alt=\"Daniel Swedin\" style=\"object-fit:cover;\" srcset=\"https:\/\/arenagruppen.se\/fackenochframtiden\/wp-content\/uploads\/sites\/14\/2025\/03\/portratt-kvadrat.png 1188w, https:\/\/arenagruppen.se\/fackenochframtiden\/wp-content\/uploads\/sites\/14\/2025\/03\/portratt-kvadrat-300x300.png 300w, https:\/\/arenagruppen.se\/fackenochframtiden\/wp-content\/uploads\/sites\/14\/2025\/03\/portratt-kvadrat-1024x1024.png 1024w, https:\/\/arenagruppen.se\/fackenochframtiden\/wp-content\/uploads\/sites\/14\/2025\/03\/portratt-kvadrat-150x150.png 150w, https:\/\/arenagruppen.se\/fackenochframtiden\/wp-content\/uploads\/sites\/14\/2025\/03\/portratt-kvadrat-768x768.png 768w\" sizes=\"(max-width: 1188px) 100vw, 1188px\" \/><\/a><\/figure><\/div>\n<\/div>\n<\/div>\n<\/div>\n\n\n<h4 class=\"wp-block-post-title\"><a href=\"https:\/\/arenagruppen.se\/fackenochframtiden\/2025\/03\/21\/daniel-swedin\/\" target=\"_self\" >Daniel Swedin<\/a><\/h4>\n\n<div class=\"wp-block-post-excerpt\"><p class=\"wp-block-post-excerpt__excerpt\">Politisk chefredakt\u00f6r, Arbetet<\/p><p class=\"wp-block-post-excerpt__more-text\"><a class=\"wp-block-post-excerpt__more-link\" href=\"https:\/\/arenagruppen.se\/fackenochframtiden\/2025\/03\/21\/daniel-swedin\/\"><strong>L\u00e4s mer h\u00e4r<\/strong><\/a><\/p><\/div>\n<\/li><li class=\"wp-block-post post-484 post type-post status-publish format-standard has-post-thumbnail hentry category-medverkande\">\n\n<div class=\"wp-block-columns alignwide are-vertically-aligned-top is-layout-flex wp-container-core-columns-is-layout-28f84493 wp-block-columns-is-layout-flex\">\n<div class=\"wp-block-column is-vertically-aligned-top is-layout-flow wp-block-column-is-layout-flow\" style=\"flex-basis:66.66%\">\n<div class=\"wp-block-group has-global-padding is-layout-constrained wp-block-group-is-layout-constrained\">\n<div class=\"wp-block-group has-global-padding is-layout-constrained wp-block-group-is-layout-constrained\"><figure class=\"alignleft wp-block-post-featured-image\"><a href=\"https:\/\/arenagruppen.se\/fackenochframtiden\/2025\/03\/21\/per-molander\/\" target=\"_self\"  ><img loading=\"lazy\" decoding=\"async\" width=\"750\" height=\"750\" src=\"https:\/\/arenagruppen.se\/fackenochframtiden\/wp-content\/uploads\/sites\/14\/2025\/03\/per-molander-kvadrat.jpg\" class=\"attachment-post-thumbnail size-post-thumbnail wp-post-image\" alt=\"Per Molander\" style=\"object-fit:cover;\" srcset=\"https:\/\/arenagruppen.se\/fackenochframtiden\/wp-content\/uploads\/sites\/14\/2025\/03\/per-molander-kvadrat.jpg 750w, https:\/\/arenagruppen.se\/fackenochframtiden\/wp-content\/uploads\/sites\/14\/2025\/03\/per-molander-kvadrat-300x300.jpg 300w, https:\/\/arenagruppen.se\/fackenochframtiden\/wp-content\/uploads\/sites\/14\/2025\/03\/per-molander-kvadrat-150x150.jpg 150w\" sizes=\"(max-width: 750px) 100vw, 750px\" \/><\/a><\/figure><\/div>\n<\/div>\n<\/div>\n<\/div>\n\n\n<h4 class=\"wp-block-post-title\"><a href=\"https:\/\/arenagruppen.se\/fackenochframtiden\/2025\/03\/21\/per-molander\/\" target=\"_self\" >Per Molander<\/a><\/h4>\n\n<div class=\"wp-block-post-excerpt\"><p class=\"wp-block-post-excerpt__excerpt\">Konsult och f\u00f6rfattare<\/p><p class=\"wp-block-post-excerpt__more-text\"><a class=\"wp-block-post-excerpt__more-link\" href=\"https:\/\/arenagruppen.se\/fackenochframtiden\/2025\/03\/21\/per-molander\/\"><strong>L\u00e4s mer h\u00e4r<\/strong><\/a><\/p><\/div>\n<\/li><li class=\"wp-block-post post-448 post type-post status-publish format-standard has-post-thumbnail hentry category-medverkande\">\n\n<div class=\"wp-block-columns alignwide are-vertically-aligned-top is-layout-flex wp-container-core-columns-is-layout-28f84493 wp-block-columns-is-layout-flex\">\n<div class=\"wp-block-column is-vertically-aligned-top is-layout-flow wp-block-column-is-layout-flow\" style=\"flex-basis:66.66%\">\n<div class=\"wp-block-group has-global-padding is-layout-constrained wp-block-group-is-layout-constrained\">\n<div class=\"wp-block-group has-global-padding is-layout-constrained wp-block-group-is-layout-constrained\"><figure class=\"alignleft wp-block-post-featured-image\"><a href=\"https:\/\/arenagruppen.se\/fackenochframtiden\/2025\/03\/21\/charlotta-stern\/\" target=\"_self\"  ><img loading=\"lazy\" decoding=\"async\" width=\"750\" height=\"750\" src=\"https:\/\/arenagruppen.se\/fackenochframtiden\/wp-content\/uploads\/sites\/14\/2025\/03\/charlotta-stern-kvadrat.jpg\" class=\"attachment-post-thumbnail size-post-thumbnail wp-post-image\" alt=\"Charlotta Stern\" style=\"object-fit:cover;\" srcset=\"https:\/\/arenagruppen.se\/fackenochframtiden\/wp-content\/uploads\/sites\/14\/2025\/03\/charlotta-stern-kvadrat.jpg 750w, https:\/\/arenagruppen.se\/fackenochframtiden\/wp-content\/uploads\/sites\/14\/2025\/03\/charlotta-stern-kvadrat-300x300.jpg 300w, https:\/\/arenagruppen.se\/fackenochframtiden\/wp-content\/uploads\/sites\/14\/2025\/03\/charlotta-stern-kvadrat-150x150.jpg 150w\" sizes=\"(max-width: 750px) 100vw, 750px\" \/><\/a><\/figure><\/div>\n<\/div>\n<\/div>\n<\/div>\n\n\n<h4 class=\"wp-block-post-title\"><a href=\"https:\/\/arenagruppen.se\/fackenochframtiden\/2025\/03\/21\/charlotta-stern\/\" target=\"_self\" >Charlotta Stern<\/a><\/h4>\n\n<div class=\"wp-block-post-excerpt\"><p class=\"wp-block-post-excerpt__excerpt\">Professor, vd Ratio<\/p><p class=\"wp-block-post-excerpt__more-text\"><a class=\"wp-block-post-excerpt__more-link\" href=\"https:\/\/arenagruppen.se\/fackenochframtiden\/2025\/03\/21\/charlotta-stern\/\"><strong>L\u00e4s mer h\u00e4r<\/strong><\/a><\/p><\/div>\n<\/li><li class=\"wp-block-post post-414 post type-post status-publish format-standard has-post-thumbnail hentry category-medverkande\">\n\n<div class=\"wp-block-columns alignwide are-vertically-aligned-top is-layout-flex wp-container-core-columns-is-layout-28f84493 wp-block-columns-is-layout-flex\">\n<div class=\"wp-block-column is-vertically-aligned-top is-layout-flow wp-block-column-is-layout-flow\" style=\"flex-basis:66.66%\">\n<div class=\"wp-block-group has-global-padding is-layout-constrained wp-block-group-is-layout-constrained\">\n<div class=\"wp-block-group has-global-padding is-layout-constrained wp-block-group-is-layout-constrained\"><figure class=\"alignleft wp-block-post-featured-image\"><a href=\"https:\/\/arenagruppen.se\/fackenochframtiden\/2025\/03\/21\/wouter-zwysen\/\" target=\"_self\"  ><img loading=\"lazy\" decoding=\"async\" width=\"750\" height=\"750\" src=\"https:\/\/arenagruppen.se\/fackenochframtiden\/wp-content\/uploads\/sites\/14\/2025\/03\/wouter-zwysen-kvadrat.jpg\" class=\"attachment-post-thumbnail size-post-thumbnail wp-post-image\" alt=\"Wouter Zwysen\" style=\"object-fit:cover;\" srcset=\"https:\/\/arenagruppen.se\/fackenochframtiden\/wp-content\/uploads\/sites\/14\/2025\/03\/wouter-zwysen-kvadrat.jpg 750w, https:\/\/arenagruppen.se\/fackenochframtiden\/wp-content\/uploads\/sites\/14\/2025\/03\/wouter-zwysen-kvadrat-300x300.jpg 300w, https:\/\/arenagruppen.se\/fackenochframtiden\/wp-content\/uploads\/sites\/14\/2025\/03\/wouter-zwysen-kvadrat-150x150.jpg 150w\" sizes=\"(max-width: 750px) 100vw, 750px\" \/><\/a><\/figure><\/div>\n<\/div>\n<\/div>\n<\/div>\n\n\n<h4 class=\"wp-block-post-title\"><a href=\"https:\/\/arenagruppen.se\/fackenochframtiden\/2025\/03\/21\/wouter-zwysen\/\" target=\"_self\" >Wouter Zwysen<\/a><\/h4>\n\n<div class=\"wp-block-post-excerpt\"><p class=\"wp-block-post-excerpt__excerpt\">Forskare, ETUI<\/p><p class=\"wp-block-post-excerpt__more-text\"><a class=\"wp-block-post-excerpt__more-link\" href=\"https:\/\/arenagruppen.se\/fackenochframtiden\/2025\/03\/21\/wouter-zwysen\/\"><strong>L\u00e4s mer h\u00e4r<\/strong><\/a><\/p><\/div>\n<\/li><li class=\"wp-block-post post-487 post type-post status-publish format-standard has-post-thumbnail hentry category-medverkande\">\n\n<div class=\"wp-block-columns alignwide are-vertically-aligned-top is-layout-flex wp-container-core-columns-is-layout-28f84493 wp-block-columns-is-layout-flex\">\n<div class=\"wp-block-column is-vertically-aligned-top is-layout-flow wp-block-column-is-layout-flow\" style=\"flex-basis:66.66%\">\n<div class=\"wp-block-group has-global-padding is-layout-constrained wp-block-group-is-layout-constrained\">\n<div class=\"wp-block-group has-global-padding is-layout-constrained wp-block-group-is-layout-constrained\"><figure class=\"alignleft wp-block-post-featured-image\"><a href=\"https:\/\/arenagruppen.se\/fackenochframtiden\/2025\/03\/21\/peter-hellberg\/\" target=\"_self\"  ><img loading=\"lazy\" decoding=\"async\" width=\"750\" height=\"750\" src=\"https:\/\/arenagruppen.se\/fackenochframtiden\/wp-content\/uploads\/sites\/14\/2025\/03\/peter-hellberg-kvadrat.jpg\" class=\"attachment-post-thumbnail size-post-thumbnail wp-post-image\" alt=\"Peter Hellberg\" style=\"object-fit:cover;\" srcset=\"https:\/\/arenagruppen.se\/fackenochframtiden\/wp-content\/uploads\/sites\/14\/2025\/03\/peter-hellberg-kvadrat.jpg 750w, https:\/\/arenagruppen.se\/fackenochframtiden\/wp-content\/uploads\/sites\/14\/2025\/03\/peter-hellberg-kvadrat-300x300.jpg 300w, https:\/\/arenagruppen.se\/fackenochframtiden\/wp-content\/uploads\/sites\/14\/2025\/03\/peter-hellberg-kvadrat-150x150.jpg 150w\" sizes=\"(max-width: 750px) 100vw, 750px\" \/><\/a><\/figure><\/div>\n<\/div>\n<\/div>\n<\/div>\n\n\n<h4 class=\"wp-block-post-title\"><a href=\"https:\/\/arenagruppen.se\/fackenochframtiden\/2025\/03\/21\/peter-hellberg\/\" target=\"_self\" >Peter Hellberg<\/a><\/h4>\n\n<div class=\"wp-block-post-excerpt\"><p class=\"wp-block-post-excerpt__excerpt\">Ordf\u00f6rande, Unionen<\/p><p class=\"wp-block-post-excerpt__more-text\"><a class=\"wp-block-post-excerpt__more-link\" href=\"https:\/\/arenagruppen.se\/fackenochframtiden\/2025\/03\/21\/peter-hellberg\/\"><strong>L\u00e4s mer h\u00e4r<\/strong><\/a><\/p><\/div>\n<\/li><li class=\"wp-block-post post-664 post type-post status-publish format-standard has-post-thumbnail hentry category-medverkande\">\n\n<div class=\"wp-block-columns alignwide are-vertically-aligned-top is-layout-flex wp-container-core-columns-is-layout-28f84493 wp-block-columns-is-layout-flex\">\n<div class=\"wp-block-column is-vertically-aligned-top is-layout-flow wp-block-column-is-layout-flow\" style=\"flex-basis:66.66%\">\n<div class=\"wp-block-group has-global-padding is-layout-constrained wp-block-group-is-layout-constrained\">\n<div class=\"wp-block-group has-global-padding is-layout-constrained wp-block-group-is-layout-constrained\"><figure class=\"alignleft wp-block-post-featured-image\"><a href=\"https:\/\/arenagruppen.se\/fackenochframtiden\/2025\/03\/19\/joakim-smedman\/\" target=\"_self\"  ><img loading=\"lazy\" decoding=\"async\" width=\"1250\" height=\"1250\" src=\"https:\/\/arenagruppen.se\/fackenochframtiden\/wp-content\/uploads\/sites\/14\/2025\/03\/joakim-smedman-kvadrat.jpg\" class=\"attachment-post-thumbnail size-post-thumbnail wp-post-image\" alt=\"Joakim Smedman\" style=\"object-fit:cover;\" srcset=\"https:\/\/arenagruppen.se\/fackenochframtiden\/wp-content\/uploads\/sites\/14\/2025\/03\/joakim-smedman-kvadrat.jpg 1250w, https:\/\/arenagruppen.se\/fackenochframtiden\/wp-content\/uploads\/sites\/14\/2025\/03\/joakim-smedman-kvadrat-300x300.jpg 300w, https:\/\/arenagruppen.se\/fackenochframtiden\/wp-content\/uploads\/sites\/14\/2025\/03\/joakim-smedman-kvadrat-1024x1024.jpg 1024w, https:\/\/arenagruppen.se\/fackenochframtiden\/wp-content\/uploads\/sites\/14\/2025\/03\/joakim-smedman-kvadrat-150x150.jpg 150w, https:\/\/arenagruppen.se\/fackenochframtiden\/wp-content\/uploads\/sites\/14\/2025\/03\/joakim-smedman-kvadrat-768x768.jpg 768w\" sizes=\"(max-width: 1250px) 100vw, 1250px\" \/><\/a><\/figure><\/div>\n<\/div>\n<\/div>\n<\/div>\n\n\n<h4 class=\"wp-block-post-title\"><a href=\"https:\/\/arenagruppen.se\/fackenochframtiden\/2025\/03\/19\/joakim-smedman\/\" target=\"_self\" >Joakim Smedman<\/a><\/h4>\n\n<div class=\"wp-block-post-excerpt\"><p class=\"wp-block-post-excerpt__excerpt\">Juridisk r\u00e5dgivare, ETUC<\/p><p class=\"wp-block-post-excerpt__more-text\"><a class=\"wp-block-post-excerpt__more-link\" href=\"https:\/\/arenagruppen.se\/fackenochframtiden\/2025\/03\/19\/joakim-smedman\/\"><strong>L\u00e4s mer h\u00e4r<\/strong><\/a><\/p><\/div>\n<\/li><li class=\"wp-block-post post-661 post type-post status-publish format-standard has-post-thumbnail hentry category-medverkande\">\n\n<div class=\"wp-block-columns alignwide are-vertically-aligned-top is-layout-flex wp-container-core-columns-is-layout-28f84493 wp-block-columns-is-layout-flex\">\n<div class=\"wp-block-column is-vertically-aligned-top is-layout-flow wp-block-column-is-layout-flow\" style=\"flex-basis:66.66%\">\n<div class=\"wp-block-group has-global-padding is-layout-constrained wp-block-group-is-layout-constrained\">\n<div class=\"wp-block-group has-global-padding is-layout-constrained wp-block-group-is-layout-constrained\"><figure class=\"alignleft wp-block-post-featured-image\"><a href=\"https:\/\/arenagruppen.se\/fackenochframtiden\/2025\/03\/19\/tobias-brannemo\/\" target=\"_self\"  ><img loading=\"lazy\" decoding=\"async\" width=\"1250\" height=\"1250\" src=\"https:\/\/arenagruppen.se\/fackenochframtiden\/wp-content\/uploads\/sites\/14\/2025\/03\/tobias-brannemo-kvadrat.jpg\" class=\"attachment-post-thumbnail size-post-thumbnail wp-post-image\" alt=\"Tobias Br\u00e4nnemo\" style=\"object-fit:cover;\" srcset=\"https:\/\/arenagruppen.se\/fackenochframtiden\/wp-content\/uploads\/sites\/14\/2025\/03\/tobias-brannemo-kvadrat.jpg 1250w, https:\/\/arenagruppen.se\/fackenochframtiden\/wp-content\/uploads\/sites\/14\/2025\/03\/tobias-brannemo-kvadrat-300x300.jpg 300w, https:\/\/arenagruppen.se\/fackenochframtiden\/wp-content\/uploads\/sites\/14\/2025\/03\/tobias-brannemo-kvadrat-1024x1024.jpg 1024w, https:\/\/arenagruppen.se\/fackenochframtiden\/wp-content\/uploads\/sites\/14\/2025\/03\/tobias-brannemo-kvadrat-150x150.jpg 150w, https:\/\/arenagruppen.se\/fackenochframtiden\/wp-content\/uploads\/sites\/14\/2025\/03\/tobias-brannemo-kvadrat-768x768.jpg 768w\" sizes=\"(max-width: 1250px) 100vw, 1250px\" \/><\/a><\/figure><\/div>\n<\/div>\n<\/div>\n<\/div>\n\n\n<h4 class=\"wp-block-post-title\"><a href=\"https:\/\/arenagruppen.se\/fackenochframtiden\/2025\/03\/19\/tobias-brannemo\/\" target=\"_self\" >Tobias Br\u00e4nnemo<\/a><\/h4>\n\n<div class=\"wp-block-post-excerpt\"><p class=\"wp-block-post-excerpt__excerpt\">Chefsekonom, Unionen<\/p><p class=\"wp-block-post-excerpt__more-text\"><a class=\"wp-block-post-excerpt__more-link\" href=\"https:\/\/arenagruppen.se\/fackenochframtiden\/2025\/03\/19\/tobias-brannemo\/\"><strong>L\u00e4s mer h\u00e4r<\/strong><\/a><\/p><\/div>\n<\/li><li class=\"wp-block-post post-649 post type-post status-publish format-standard has-post-thumbnail hentry category-medverkande\">\n\n<div class=\"wp-block-columns alignwide are-vertically-aligned-top is-layout-flex wp-container-core-columns-is-layout-28f84493 wp-block-columns-is-layout-flex\">\n<div class=\"wp-block-column is-vertically-aligned-top is-layout-flow wp-block-column-is-layout-flow\" style=\"flex-basis:66.66%\">\n<div class=\"wp-block-group has-global-padding is-layout-constrained wp-block-group-is-layout-constrained\">\n<div class=\"wp-block-group has-global-padding is-layout-constrained wp-block-group-is-layout-constrained\"><figure class=\"alignleft wp-block-post-featured-image\"><a href=\"https:\/\/arenagruppen.se\/fackenochframtiden\/2025\/03\/18\/alexander-hijzen\/\" target=\"_self\"  ><img loading=\"lazy\" decoding=\"async\" width=\"1250\" height=\"1250\" src=\"https:\/\/arenagruppen.se\/fackenochframtiden\/wp-content\/uploads\/sites\/14\/2025\/03\/alexander-hijzen-kvadrat.jpg\" class=\"attachment-post-thumbnail size-post-thumbnail wp-post-image\" alt=\"Alexander Hijzen\" style=\"object-fit:cover;\" srcset=\"https:\/\/arenagruppen.se\/fackenochframtiden\/wp-content\/uploads\/sites\/14\/2025\/03\/alexander-hijzen-kvadrat.jpg 1250w, https:\/\/arenagruppen.se\/fackenochframtiden\/wp-content\/uploads\/sites\/14\/2025\/03\/alexander-hijzen-kvadrat-300x300.jpg 300w, https:\/\/arenagruppen.se\/fackenochframtiden\/wp-content\/uploads\/sites\/14\/2025\/03\/alexander-hijzen-kvadrat-1024x1024.jpg 1024w, https:\/\/arenagruppen.se\/fackenochframtiden\/wp-content\/uploads\/sites\/14\/2025\/03\/alexander-hijzen-kvadrat-150x150.jpg 150w, https:\/\/arenagruppen.se\/fackenochframtiden\/wp-content\/uploads\/sites\/14\/2025\/03\/alexander-hijzen-kvadrat-768x768.jpg 768w\" sizes=\"(max-width: 1250px) 100vw, 1250px\" \/><\/a><\/figure><\/div>\n<\/div>\n<\/div>\n<\/div>\n\n\n<h4 class=\"wp-block-post-title\"><a href=\"https:\/\/arenagruppen.se\/fackenochframtiden\/2025\/03\/18\/alexander-hijzen\/\" target=\"_self\" >Alexander Hijzen<\/a><\/h4>\n\n<div class=\"wp-block-post-excerpt\"><p class=\"wp-block-post-excerpt__excerpt\">Forskare, OECD<\/p><p class=\"wp-block-post-excerpt__more-text\"><a class=\"wp-block-post-excerpt__more-link\" href=\"https:\/\/arenagruppen.se\/fackenochframtiden\/2025\/03\/18\/alexander-hijzen\/\"><strong>L\u00e4s mer h\u00e4r<\/strong><\/a><\/p><\/div>\n<\/li><li class=\"wp-block-post post-494 post type-post status-publish format-standard has-post-thumbnail hentry category-medverkande\">\n\n<div class=\"wp-block-columns alignwide are-vertically-aligned-top is-layout-flex wp-container-core-columns-is-layout-28f84493 wp-block-columns-is-layout-flex\">\n<div class=\"wp-block-column is-vertically-aligned-top is-layout-flow wp-block-column-is-layout-flow\" style=\"flex-basis:66.66%\">\n<div class=\"wp-block-group has-global-padding is-layout-constrained wp-block-group-is-layout-constrained\">\n<div class=\"wp-block-group has-global-padding is-layout-constrained wp-block-group-is-layout-constrained\"><figure class=\"alignleft wp-block-post-featured-image\"><a href=\"https:\/\/arenagruppen.se\/fackenochframtiden\/2025\/03\/17\/sandrine-cazes\/\" target=\"_self\"  ><img loading=\"lazy\" decoding=\"async\" width=\"750\" height=\"750\" src=\"https:\/\/arenagruppen.se\/fackenochframtiden\/wp-content\/uploads\/sites\/14\/2025\/03\/sandrine-cazes-kvadrat.jpg\" class=\"attachment-post-thumbnail size-post-thumbnail wp-post-image\" alt=\"Sandrine Cazes\" style=\"object-fit:cover;\" srcset=\"https:\/\/arenagruppen.se\/fackenochframtiden\/wp-content\/uploads\/sites\/14\/2025\/03\/sandrine-cazes-kvadrat.jpg 750w, https:\/\/arenagruppen.se\/fackenochframtiden\/wp-content\/uploads\/sites\/14\/2025\/03\/sandrine-cazes-kvadrat-300x300.jpg 300w, https:\/\/arenagruppen.se\/fackenochframtiden\/wp-content\/uploads\/sites\/14\/2025\/03\/sandrine-cazes-kvadrat-150x150.jpg 150w\" sizes=\"(max-width: 750px) 100vw, 750px\" \/><\/a><\/figure><\/div>\n<\/div>\n<\/div>\n<\/div>\n\n\n<h4 class=\"wp-block-post-title\"><a href=\"https:\/\/arenagruppen.se\/fackenochframtiden\/2025\/03\/17\/sandrine-cazes\/\" target=\"_self\" >Sandrine Cazes<\/a><\/h4>\n\n<div class=\"wp-block-post-excerpt\"><p class=\"wp-block-post-excerpt__excerpt\">Forskare, OECD<\/p><p class=\"wp-block-post-excerpt__more-text\"><a class=\"wp-block-post-excerpt__more-link\" href=\"https:\/\/arenagruppen.se\/fackenochframtiden\/2025\/03\/17\/sandrine-cazes\/\"><strong>L\u00e4s mer h\u00e4r<\/strong><\/a><\/p><\/div>\n<\/li><li class=\"wp-block-post post-490 post type-post status-publish format-standard has-post-thumbnail hentry category-medverkande\">\n\n<div class=\"wp-block-columns alignwide are-vertically-aligned-top is-layout-flex wp-container-core-columns-is-layout-28f84493 wp-block-columns-is-layout-flex\">\n<div class=\"wp-block-column is-vertically-aligned-top is-layout-flow wp-block-column-is-layout-flow\" style=\"flex-basis:66.66%\">\n<div class=\"wp-block-group has-global-padding is-layout-constrained wp-block-group-is-layout-constrained\">\n<div class=\"wp-block-group has-global-padding is-layout-constrained wp-block-group-is-layout-constrained\"><figure class=\"alignleft wp-block-post-featured-image\"><a href=\"https:\/\/arenagruppen.se\/fackenochframtiden\/2025\/03\/17\/roger-mortvik\/\" target=\"_self\"  ><img loading=\"lazy\" decoding=\"async\" width=\"750\" height=\"750\" src=\"https:\/\/arenagruppen.se\/fackenochframtiden\/wp-content\/uploads\/sites\/14\/2025\/03\/roger-mortvik-kvadrat.jpg\" class=\"attachment-post-thumbnail size-post-thumbnail wp-post-image\" alt=\"Roger Mo\u0308rtvik\" style=\"object-fit:cover;\" srcset=\"https:\/\/arenagruppen.se\/fackenochframtiden\/wp-content\/uploads\/sites\/14\/2025\/03\/roger-mortvik-kvadrat.jpg 750w, https:\/\/arenagruppen.se\/fackenochframtiden\/wp-content\/uploads\/sites\/14\/2025\/03\/roger-mortvik-kvadrat-300x300.jpg 300w, https:\/\/arenagruppen.se\/fackenochframtiden\/wp-content\/uploads\/sites\/14\/2025\/03\/roger-mortvik-kvadrat-150x150.jpg 150w\" sizes=\"(max-width: 750px) 100vw, 750px\" \/><\/a><\/figure><\/div>\n<\/div>\n<\/div>\n<\/div>\n\n\n<h4 class=\"wp-block-post-title\"><a href=\"https:\/\/arenagruppen.se\/fackenochframtiden\/2025\/03\/17\/roger-mortvik\/\" target=\"_self\" >Roger Mo\u0308rtvik<\/a><\/h4>\n\n<div class=\"wp-block-post-excerpt\"><p class=\"wp-block-post-excerpt__excerpt\">Konsult, tidigare statssekreterare<\/p><p class=\"wp-block-post-excerpt__more-text\"><a class=\"wp-block-post-excerpt__more-link\" href=\"https:\/\/arenagruppen.se\/fackenochframtiden\/2025\/03\/17\/roger-mortvik\/\"><strong>L\u00e4s mer h\u00e4r<\/strong><\/a><\/p><\/div>\n<\/li><li class=\"wp-block-post post-481 post type-post status-publish format-standard has-post-thumbnail hentry category-medverkande\">\n\n<div class=\"wp-block-columns alignwide are-vertically-aligned-top is-layout-flex wp-container-core-columns-is-layout-28f84493 wp-block-columns-is-layout-flex\">\n<div class=\"wp-block-column is-vertically-aligned-top is-layout-flow wp-block-column-is-layout-flow\" style=\"flex-basis:66.66%\">\n<div class=\"wp-block-group has-global-padding is-layout-constrained wp-block-group-is-layout-constrained\">\n<div class=\"wp-block-group has-global-padding is-layout-constrained wp-block-group-is-layout-constrained\"><figure class=\"alignleft wp-block-post-featured-image\"><a href=\"https:\/\/arenagruppen.se\/fackenochframtiden\/2025\/03\/17\/patrick-joyce\/\" target=\"_self\"  ><img loading=\"lazy\" decoding=\"async\" width=\"750\" height=\"750\" src=\"https:\/\/arenagruppen.se\/fackenochframtiden\/wp-content\/uploads\/sites\/14\/2025\/03\/patrick-joyce-kvadrat.jpg\" class=\"attachment-post-thumbnail size-post-thumbnail wp-post-image\" alt=\"Patrick Joyce\" style=\"object-fit:cover;\" srcset=\"https:\/\/arenagruppen.se\/fackenochframtiden\/wp-content\/uploads\/sites\/14\/2025\/03\/patrick-joyce-kvadrat.jpg 750w, https:\/\/arenagruppen.se\/fackenochframtiden\/wp-content\/uploads\/sites\/14\/2025\/03\/patrick-joyce-kvadrat-300x300.jpg 300w, https:\/\/arenagruppen.se\/fackenochframtiden\/wp-content\/uploads\/sites\/14\/2025\/03\/patrick-joyce-kvadrat-150x150.jpg 150w\" sizes=\"(max-width: 750px) 100vw, 750px\" \/><\/a><\/figure><\/div>\n<\/div>\n<\/div>\n<\/div>\n\n\n<h4 class=\"wp-block-post-title\"><a href=\"https:\/\/arenagruppen.se\/fackenochframtiden\/2025\/03\/17\/patrick-joyce\/\" target=\"_self\" >Patrick Joyce<\/a><\/h4>\n\n<div class=\"wp-block-post-excerpt\"><p class=\"wp-block-post-excerpt__excerpt\">Chefsekonom, Almega<\/p><p class=\"wp-block-post-excerpt__more-text\"><a class=\"wp-block-post-excerpt__more-link\" href=\"https:\/\/arenagruppen.se\/fackenochframtiden\/2025\/03\/17\/patrick-joyce\/\"><strong>L\u00e4s mer h\u00e4r<\/strong><\/a><\/p><\/div>\n<\/li><li class=\"wp-block-post post-478 post type-post status-publish format-standard has-post-thumbnail hentry category-medverkande\">\n\n<div class=\"wp-block-columns alignwide are-vertically-aligned-top is-layout-flex wp-container-core-columns-is-layout-28f84493 wp-block-columns-is-layout-flex\">\n<div class=\"wp-block-column is-vertically-aligned-top is-layout-flow wp-block-column-is-layout-flow\" style=\"flex-basis:66.66%\">\n<div class=\"wp-block-group has-global-padding is-layout-constrained wp-block-group-is-layout-constrained\">\n<div class=\"wp-block-group has-global-padding is-layout-constrained wp-block-group-is-layout-constrained\"><figure class=\"alignleft wp-block-post-featured-image\"><a href=\"https:\/\/arenagruppen.se\/fackenochframtiden\/2025\/03\/17\/merja-kauhanen\/\" target=\"_self\"  ><img loading=\"lazy\" decoding=\"async\" width=\"750\" height=\"750\" src=\"https:\/\/arenagruppen.se\/fackenochframtiden\/wp-content\/uploads\/sites\/14\/2025\/03\/merja-kauhanen.jpg\" class=\"attachment-post-thumbnail size-post-thumbnail wp-post-image\" alt=\"Merja Kauhanen\" style=\"object-fit:cover;\" srcset=\"https:\/\/arenagruppen.se\/fackenochframtiden\/wp-content\/uploads\/sites\/14\/2025\/03\/merja-kauhanen.jpg 750w, https:\/\/arenagruppen.se\/fackenochframtiden\/wp-content\/uploads\/sites\/14\/2025\/03\/merja-kauhanen-300x300.jpg 300w, https:\/\/arenagruppen.se\/fackenochframtiden\/wp-content\/uploads\/sites\/14\/2025\/03\/merja-kauhanen-150x150.jpg 150w\" sizes=\"(max-width: 750px) 100vw, 750px\" \/><\/a><\/figure><\/div>\n<\/div>\n<\/div>\n<\/div>\n\n\n<h4 class=\"wp-block-post-title\"><a href=\"https:\/\/arenagruppen.se\/fackenochframtiden\/2025\/03\/17\/merja-kauhanen\/\" target=\"_self\" >Merja Kauhanen<\/a><\/h4>\n\n<div class=\"wp-block-post-excerpt\"><p class=\"wp-block-post-excerpt__excerpt\">Forskare, Labore<\/p><p class=\"wp-block-post-excerpt__more-text\"><a class=\"wp-block-post-excerpt__more-link\" href=\"https:\/\/arenagruppen.se\/fackenochframtiden\/2025\/03\/17\/merja-kauhanen\/\"><strong>L\u00e4s mer h\u00e4r<\/strong><\/a><\/p><\/div>\n<\/li><li class=\"wp-block-post post-475 post type-post status-publish format-standard has-post-thumbnail hentry category-medverkande\">\n\n<div class=\"wp-block-columns alignwide are-vertically-aligned-top is-layout-flex wp-container-core-columns-is-layout-28f84493 wp-block-columns-is-layout-flex\">\n<div class=\"wp-block-column is-vertically-aligned-top is-layout-flow wp-block-column-is-layout-flow\" style=\"flex-basis:66.66%\">\n<div class=\"wp-block-group has-global-padding is-layout-constrained wp-block-group-is-layout-constrained\">\n<div class=\"wp-block-group has-global-padding is-layout-constrained wp-block-group-is-layout-constrained\"><figure class=\"alignleft wp-block-post-featured-image\"><a href=\"https:\/\/arenagruppen.se\/fackenochframtiden\/2025\/03\/17\/lars-andersen\/\" target=\"_self\"  ><img loading=\"lazy\" decoding=\"async\" width=\"750\" height=\"750\" src=\"https:\/\/arenagruppen.se\/fackenochframtiden\/wp-content\/uploads\/sites\/14\/2025\/03\/lars-andersen-kvadrat.jpg\" class=\"attachment-post-thumbnail size-post-thumbnail wp-post-image\" alt=\"Lars Andersen\" style=\"object-fit:cover;\" srcset=\"https:\/\/arenagruppen.se\/fackenochframtiden\/wp-content\/uploads\/sites\/14\/2025\/03\/lars-andersen-kvadrat.jpg 750w, https:\/\/arenagruppen.se\/fackenochframtiden\/wp-content\/uploads\/sites\/14\/2025\/03\/lars-andersen-kvadrat-300x300.jpg 300w, https:\/\/arenagruppen.se\/fackenochframtiden\/wp-content\/uploads\/sites\/14\/2025\/03\/lars-andersen-kvadrat-150x150.jpg 150w\" sizes=\"(max-width: 750px) 100vw, 750px\" \/><\/a><\/figure><\/div>\n<\/div>\n<\/div>\n<\/div>\n\n\n<h4 class=\"wp-block-post-title\"><a href=\"https:\/\/arenagruppen.se\/fackenochframtiden\/2025\/03\/17\/lars-andersen\/\" target=\"_self\" >Lars Andersen<\/a><\/h4>\n\n<div class=\"wp-block-post-excerpt\"><p class=\"wp-block-post-excerpt__excerpt\">Direkt\u00f6r, Arbejderbev\u00e6gelsens Erhvervsr\u00e5d<\/p><p class=\"wp-block-post-excerpt__more-text\"><a class=\"wp-block-post-excerpt__more-link\" href=\"https:\/\/arenagruppen.se\/fackenochframtiden\/2025\/03\/17\/lars-andersen\/\"><strong>L\u00e4s mer h\u00e4r<\/strong><\/a><\/p><\/div>\n<\/li><li class=\"wp-block-post post-472 post type-post status-publish format-standard has-post-thumbnail hentry category-medverkande\">\n\n<div class=\"wp-block-columns alignwide are-vertically-aligned-top is-layout-flex wp-container-core-columns-is-layout-28f84493 wp-block-columns-is-layout-flex\">\n<div class=\"wp-block-column is-vertically-aligned-top is-layout-flow wp-block-column-is-layout-flow\" style=\"flex-basis:66.66%\">\n<div class=\"wp-block-group has-global-padding is-layout-constrained wp-block-group-is-layout-constrained\">\n<div class=\"wp-block-group has-global-padding is-layout-constrained wp-block-group-is-layout-constrained\"><figure class=\"alignleft wp-block-post-featured-image\"><a href=\"https:\/\/arenagruppen.se\/fackenochframtiden\/2025\/03\/17\/johan-kreicbergs\/\" target=\"_self\"  ><img loading=\"lazy\" decoding=\"async\" width=\"750\" height=\"750\" src=\"https:\/\/arenagruppen.se\/fackenochframtiden\/wp-content\/uploads\/sites\/14\/2025\/03\/johan-kreicbergs-kvadrat.jpg\" class=\"attachment-post-thumbnail size-post-thumbnail wp-post-image\" alt=\"Johan Kreicbergs\" style=\"object-fit:cover;\" srcset=\"https:\/\/arenagruppen.se\/fackenochframtiden\/wp-content\/uploads\/sites\/14\/2025\/03\/johan-kreicbergs-kvadrat.jpg 750w, https:\/\/arenagruppen.se\/fackenochframtiden\/wp-content\/uploads\/sites\/14\/2025\/03\/johan-kreicbergs-kvadrat-300x300.jpg 300w, https:\/\/arenagruppen.se\/fackenochframtiden\/wp-content\/uploads\/sites\/14\/2025\/03\/johan-kreicbergs-kvadrat-150x150.jpg 150w\" sizes=\"(max-width: 750px) 100vw, 750px\" \/><\/a><\/figure><\/div>\n<\/div>\n<\/div>\n<\/div>\n\n\n<h4 class=\"wp-block-post-title\"><a href=\"https:\/\/arenagruppen.se\/fackenochframtiden\/2025\/03\/17\/johan-kreicbergs\/\" target=\"_self\" >Johan Kreicbergs<\/a><\/h4>\n\n<div class=\"wp-block-post-excerpt\"><p class=\"wp-block-post-excerpt__excerpt\">Chefsekonom, Sveriges Ingenj\u00f6rer<\/p><p class=\"wp-block-post-excerpt__more-text\"><a class=\"wp-block-post-excerpt__more-link\" href=\"https:\/\/arenagruppen.se\/fackenochframtiden\/2025\/03\/17\/johan-kreicbergs\/\"><strong>L\u00e4s mer h\u00e4r<\/strong><\/a><\/p><\/div>\n<\/li><li class=\"wp-block-post post-460 post type-post status-publish format-standard has-post-thumbnail hentry category-medverkande\">\n\n<div class=\"wp-block-columns alignwide are-vertically-aligned-top is-layout-flex wp-container-core-columns-is-layout-28f84493 wp-block-columns-is-layout-flex\">\n<div class=\"wp-block-column is-vertically-aligned-top is-layout-flow wp-block-column-is-layout-flow\" style=\"flex-basis:66.66%\">\n<div class=\"wp-block-group has-global-padding is-layout-constrained wp-block-group-is-layout-constrained\">\n<div class=\"wp-block-group has-global-padding is-layout-constrained wp-block-group-is-layout-constrained\"><figure class=\"alignleft wp-block-post-featured-image\"><a href=\"https:\/\/arenagruppen.se\/fackenochframtiden\/2025\/03\/17\/ida-gabrielsson\/\" target=\"_self\"  ><img loading=\"lazy\" decoding=\"async\" width=\"750\" height=\"750\" src=\"https:\/\/arenagruppen.se\/fackenochframtiden\/wp-content\/uploads\/sites\/14\/2025\/03\/ida-gabrielsson-kvadrat.jpg\" class=\"attachment-post-thumbnail size-post-thumbnail wp-post-image\" alt=\"Ida Gabrielsson\" style=\"object-fit:cover;\" srcset=\"https:\/\/arenagruppen.se\/fackenochframtiden\/wp-content\/uploads\/sites\/14\/2025\/03\/ida-gabrielsson-kvadrat.jpg 750w, https:\/\/arenagruppen.se\/fackenochframtiden\/wp-content\/uploads\/sites\/14\/2025\/03\/ida-gabrielsson-kvadrat-300x300.jpg 300w, https:\/\/arenagruppen.se\/fackenochframtiden\/wp-content\/uploads\/sites\/14\/2025\/03\/ida-gabrielsson-kvadrat-150x150.jpg 150w\" sizes=\"(max-width: 750px) 100vw, 750px\" \/><\/a><\/figure><\/div>\n<\/div>\n<\/div>\n<\/div>\n\n\n<h4 class=\"wp-block-post-title\"><a href=\"https:\/\/arenagruppen.se\/fackenochframtiden\/2025\/03\/17\/ida-gabrielsson\/\" target=\"_self\" >Ida Gabrielsson<\/a><\/h4>\n\n<div class=\"wp-block-post-excerpt\"><p class=\"wp-block-post-excerpt__excerpt\">Ledamot (V), Finansutskottet<\/p><p class=\"wp-block-post-excerpt__more-text\"><a class=\"wp-block-post-excerpt__more-link\" href=\"https:\/\/arenagruppen.se\/fackenochframtiden\/2025\/03\/17\/ida-gabrielsson\/\"><strong>L\u00e4s mer h\u00e4r<\/strong><\/a><\/p><\/div>\n<\/li><li class=\"wp-block-post post-454 post type-post status-publish format-standard has-post-thumbnail hentry category-medverkande\">\n\n<div class=\"wp-block-columns alignwide are-vertically-aligned-top is-layout-flex wp-container-core-columns-is-layout-28f84493 wp-block-columns-is-layout-flex\">\n<div class=\"wp-block-column is-vertically-aligned-top is-layout-flow wp-block-column-is-layout-flow\" style=\"flex-basis:66.66%\">\n<div class=\"wp-block-group has-global-padding is-layout-constrained wp-block-group-is-layout-constrained\">\n<div class=\"wp-block-group has-global-padding is-layout-constrained wp-block-group-is-layout-constrained\"><figure class=\"alignleft wp-block-post-featured-image\"><a href=\"https:\/\/arenagruppen.se\/fackenochframtiden\/2025\/03\/17\/fredrik-soderqvist\/\" target=\"_self\"  ><img loading=\"lazy\" decoding=\"async\" width=\"750\" height=\"750\" src=\"https:\/\/arenagruppen.se\/fackenochframtiden\/wp-content\/uploads\/sites\/14\/2025\/03\/fredrik-soderqvist-kvadrat.jpg\" class=\"attachment-post-thumbnail size-post-thumbnail wp-post-image\" alt=\"Fredrik So\u0308derqvist\" style=\"object-fit:cover;\" srcset=\"https:\/\/arenagruppen.se\/fackenochframtiden\/wp-content\/uploads\/sites\/14\/2025\/03\/fredrik-soderqvist-kvadrat.jpg 750w, https:\/\/arenagruppen.se\/fackenochframtiden\/wp-content\/uploads\/sites\/14\/2025\/03\/fredrik-soderqvist-kvadrat-300x300.jpg 300w, https:\/\/arenagruppen.se\/fackenochframtiden\/wp-content\/uploads\/sites\/14\/2025\/03\/fredrik-soderqvist-kvadrat-150x150.jpg 150w\" sizes=\"(max-width: 750px) 100vw, 750px\" \/><\/a><\/figure><\/div>\n<\/div>\n<\/div>\n<\/div>\n\n\n<h4 class=\"wp-block-post-title\"><a href=\"https:\/\/arenagruppen.se\/fackenochframtiden\/2025\/03\/17\/fredrik-soderqvist\/\" target=\"_self\" >Fredrik So\u0308derqvist<\/a><\/h4>\n\n<div class=\"wp-block-post-excerpt\"><p class=\"wp-block-post-excerpt__excerpt\">LO-ekonom<\/p><p class=\"wp-block-post-excerpt__more-text\"><a class=\"wp-block-post-excerpt__more-link\" href=\"https:\/\/arenagruppen.se\/fackenochframtiden\/2025\/03\/17\/fredrik-soderqvist\/\"><strong>L\u00e4s mer h\u00e4r<\/strong><\/a><\/p><\/div>\n<\/li><li class=\"wp-block-post post-451 post type-post status-publish format-standard has-post-thumbnail hentry category-medverkande\">\n\n<div class=\"wp-block-columns alignwide are-vertically-aligned-top is-layout-flex wp-container-core-columns-is-layout-28f84493 wp-block-columns-is-layout-flex\">\n<div class=\"wp-block-column is-vertically-aligned-top is-layout-flow wp-block-column-is-layout-flow\" style=\"flex-basis:66.66%\">\n<div class=\"wp-block-group has-global-padding is-layout-constrained wp-block-group-is-layout-constrained\">\n<div class=\"wp-block-group has-global-padding is-layout-constrained wp-block-group-is-layout-constrained\"><figure class=\"alignleft wp-block-post-featured-image\"><a href=\"https:\/\/arenagruppen.se\/fackenochframtiden\/2025\/03\/17\/erica-sjolander\/\" target=\"_self\"  ><img loading=\"lazy\" decoding=\"async\" width=\"750\" height=\"750\" src=\"https:\/\/arenagruppen.se\/fackenochframtiden\/wp-content\/uploads\/sites\/14\/2025\/03\/erica-sjolander-kvadrat.jpg\" class=\"attachment-post-thumbnail size-post-thumbnail wp-post-image\" alt=\"Erica Sjo\u0308lander\" style=\"object-fit:cover;\" srcset=\"https:\/\/arenagruppen.se\/fackenochframtiden\/wp-content\/uploads\/sites\/14\/2025\/03\/erica-sjolander-kvadrat.jpg 750w, https:\/\/arenagruppen.se\/fackenochframtiden\/wp-content\/uploads\/sites\/14\/2025\/03\/erica-sjolander-kvadrat-300x300.jpg 300w, https:\/\/arenagruppen.se\/fackenochframtiden\/wp-content\/uploads\/sites\/14\/2025\/03\/erica-sjolander-kvadrat-150x150.jpg 150w\" sizes=\"(max-width: 750px) 100vw, 750px\" \/><\/a><\/figure><\/div>\n<\/div>\n<\/div>\n<\/div>\n\n\n<h4 class=\"wp-block-post-title\"><a href=\"https:\/\/arenagruppen.se\/fackenochframtiden\/2025\/03\/17\/erica-sjolander\/\" target=\"_self\" >Erica Sjo\u0308lander<\/a><\/h4>\n\n<div class=\"wp-block-post-excerpt\"><p class=\"wp-block-post-excerpt__excerpt\">Kanslichef, Facken inom industrin<\/p><p class=\"wp-block-post-excerpt__more-text\"><a class=\"wp-block-post-excerpt__more-link\" href=\"https:\/\/arenagruppen.se\/fackenochframtiden\/2025\/03\/17\/erica-sjolander\/\"><strong>L\u00e4s mer h\u00e4r<\/strong><\/a><\/p><\/div>\n<\/li><li class=\"wp-block-post post-442 post type-post status-publish format-standard has-post-thumbnail hentry category-medverkande\">\n\n<div class=\"wp-block-columns alignwide are-vertically-aligned-top is-layout-flex wp-container-core-columns-is-layout-28f84493 wp-block-columns-is-layout-flex\">\n<div class=\"wp-block-column is-vertically-aligned-top is-layout-flow wp-block-column-is-layout-flow\" style=\"flex-basis:66.66%\">\n<div class=\"wp-block-group has-global-padding is-layout-constrained wp-block-group-is-layout-constrained\">\n<div class=\"wp-block-group has-global-padding is-layout-constrained wp-block-group-is-layout-constrained\"><figure class=\"alignleft wp-block-post-featured-image\"><a href=\"https:\/\/arenagruppen.se\/fackenochframtiden\/2025\/03\/17\/arvid-fredenberg\/\" target=\"_self\"  ><img loading=\"lazy\" decoding=\"async\" width=\"750\" height=\"750\" src=\"https:\/\/arenagruppen.se\/fackenochframtiden\/wp-content\/uploads\/sites\/14\/2025\/03\/arvid-fredenberg-kvadrat.jpg\" class=\"attachment-post-thumbnail size-post-thumbnail wp-post-image\" alt=\"Arvid Fredenberg\" style=\"object-fit:cover;\" srcset=\"https:\/\/arenagruppen.se\/fackenochframtiden\/wp-content\/uploads\/sites\/14\/2025\/03\/arvid-fredenberg-kvadrat.jpg 750w, https:\/\/arenagruppen.se\/fackenochframtiden\/wp-content\/uploads\/sites\/14\/2025\/03\/arvid-fredenberg-kvadrat-300x300.jpg 300w, https:\/\/arenagruppen.se\/fackenochframtiden\/wp-content\/uploads\/sites\/14\/2025\/03\/arvid-fredenberg-kvadrat-150x150.jpg 150w\" sizes=\"(max-width: 750px) 100vw, 750px\" \/><\/a><\/figure><\/div>\n<\/div>\n<\/div>\n<\/div>\n\n\n<h4 class=\"wp-block-post-title\"><a href=\"https:\/\/arenagruppen.se\/fackenochframtiden\/2025\/03\/17\/arvid-fredenberg\/\" target=\"_self\" >Arvid Fredenberg<\/a><\/h4>\n\n<div class=\"wp-block-post-excerpt\"><p class=\"wp-block-post-excerpt__excerpt\">Chefsekonom, Konkurrensverket<\/p><p class=\"wp-block-post-excerpt__more-text\"><a class=\"wp-block-post-excerpt__more-link\" href=\"https:\/\/arenagruppen.se\/fackenochframtiden\/2025\/03\/17\/arvid-fredenberg\/\"><strong>L\u00e4s mer h\u00e4r<\/strong><\/a><\/p><\/div>\n<\/li><li class=\"wp-block-post post-438 post type-post status-publish format-standard has-post-thumbnail hentry category-medverkande\">\n\n<div class=\"wp-block-columns alignwide are-vertically-aligned-top is-layout-flex wp-container-core-columns-is-layout-28f84493 wp-block-columns-is-layout-flex\">\n<div class=\"wp-block-column is-vertically-aligned-top is-layout-flow wp-block-column-is-layout-flow\" style=\"flex-basis:66.66%\">\n<div class=\"wp-block-group has-global-padding is-layout-constrained wp-block-group-is-layout-constrained\">\n<div class=\"wp-block-group has-global-padding is-layout-constrained wp-block-group-is-layout-constrained\"><figure class=\"alignleft wp-block-post-featured-image\"><a href=\"https:\/\/arenagruppen.se\/fackenochframtiden\/2025\/03\/17\/ardalan-shekarabi\/\" target=\"_self\"  ><img loading=\"lazy\" decoding=\"async\" width=\"750\" height=\"750\" src=\"https:\/\/arenagruppen.se\/fackenochframtiden\/wp-content\/uploads\/sites\/14\/2025\/03\/ardalan-shekarabi-kvadrat.jpg\" class=\"attachment-post-thumbnail size-post-thumbnail wp-post-image\" alt=\"Ardalan Shekarabi\" style=\"object-fit:cover;\" srcset=\"https:\/\/arenagruppen.se\/fackenochframtiden\/wp-content\/uploads\/sites\/14\/2025\/03\/ardalan-shekarabi-kvadrat.jpg 750w, https:\/\/arenagruppen.se\/fackenochframtiden\/wp-content\/uploads\/sites\/14\/2025\/03\/ardalan-shekarabi-kvadrat-300x300.jpg 300w, https:\/\/arenagruppen.se\/fackenochframtiden\/wp-content\/uploads\/sites\/14\/2025\/03\/ardalan-shekarabi-kvadrat-150x150.jpg 150w\" sizes=\"(max-width: 750px) 100vw, 750px\" \/><\/a><\/figure><\/div>\n<\/div>\n<\/div>\n<\/div>\n\n\n<h4 class=\"wp-block-post-title\"><a href=\"https:\/\/arenagruppen.se\/fackenochframtiden\/2025\/03\/17\/ardalan-shekarabi\/\" target=\"_self\" >Ardalan Shekarabi<\/a><\/h4>\n\n<div class=\"wp-block-post-excerpt\"><p class=\"wp-block-post-excerpt__excerpt\">Vice ordf\u00f6rande, Arbetsmarknadsutskottet (S)<\/p><p class=\"wp-block-post-excerpt__more-text\"><a class=\"wp-block-post-excerpt__more-link\" href=\"https:\/\/arenagruppen.se\/fackenochframtiden\/2025\/03\/17\/ardalan-shekarabi\/\"><strong>L\u00e4s mer h\u00e4r<\/strong><\/a><\/p><\/div>\n<\/li><li class=\"wp-block-post post-429 post type-post status-publish format-standard has-post-thumbnail hentry category-medverkande\">\n\n<div class=\"wp-block-columns alignwide are-vertically-aligned-top is-layout-flex wp-container-core-columns-is-layout-28f84493 wp-block-columns-is-layout-flex\">\n<div class=\"wp-block-column is-vertically-aligned-top is-layout-flow wp-block-column-is-layout-flow\" style=\"flex-basis:66.66%\">\n<div class=\"wp-block-group has-global-padding is-layout-constrained wp-block-group-is-layout-constrained\">\n<div class=\"wp-block-group has-global-padding is-layout-constrained wp-block-group-is-layout-constrained\"><figure class=\"alignleft wp-block-post-featured-image\"><a href=\"https:\/\/arenagruppen.se\/fackenochframtiden\/2025\/03\/17\/anders-forslund\/\" target=\"_self\"  ><img loading=\"lazy\" decoding=\"async\" width=\"750\" height=\"750\" src=\"https:\/\/arenagruppen.se\/fackenochframtiden\/wp-content\/uploads\/sites\/14\/2025\/03\/anders-forslund-kvadrat.jpg\" class=\"attachment-post-thumbnail size-post-thumbnail wp-post-image\" alt=\"Anders Forslund\" style=\"object-fit:cover;\" srcset=\"https:\/\/arenagruppen.se\/fackenochframtiden\/wp-content\/uploads\/sites\/14\/2025\/03\/anders-forslund-kvadrat.jpg 750w, https:\/\/arenagruppen.se\/fackenochframtiden\/wp-content\/uploads\/sites\/14\/2025\/03\/anders-forslund-kvadrat-300x300.jpg 300w, https:\/\/arenagruppen.se\/fackenochframtiden\/wp-content\/uploads\/sites\/14\/2025\/03\/anders-forslund-kvadrat-150x150.jpg 150w\" sizes=\"(max-width: 750px) 100vw, 750px\" \/><\/a><\/figure><\/div>\n<\/div>\n<\/div>\n<\/div>\n\n\n<h4 class=\"wp-block-post-title\"><a href=\"https:\/\/arenagruppen.se\/fackenochframtiden\/2025\/03\/17\/anders-forslund\/\" target=\"_self\" >Anders Forslund<\/a><\/h4>\n\n<div class=\"wp-block-post-excerpt\"><p class=\"wp-block-post-excerpt__excerpt\">Professor, IFAU<\/p><p class=\"wp-block-post-excerpt__more-text\"><a class=\"wp-block-post-excerpt__more-link\" href=\"https:\/\/arenagruppen.se\/fackenochframtiden\/2025\/03\/17\/anders-forslund\/\"><strong>L\u00e4s mer h\u00e4r<\/strong><\/a><\/p><\/div>\n<\/li><li class=\"wp-block-post post-420 post type-post status-publish format-standard has-post-thumbnail hentry category-medverkande\">\n\n<div class=\"wp-block-columns alignwide are-vertically-aligned-top is-layout-flex wp-container-core-columns-is-layout-28f84493 wp-block-columns-is-layout-flex\">\n<div class=\"wp-block-column is-vertically-aligned-top is-layout-flow wp-block-column-is-layout-flow\" style=\"flex-basis:66.66%\">\n<div class=\"wp-block-group has-global-padding is-layout-constrained wp-block-group-is-layout-constrained\">\n<div class=\"wp-block-group has-global-padding is-layout-constrained wp-block-group-is-layout-constrained\"><figure class=\"alignleft wp-block-post-featured-image\"><a href=\"https:\/\/arenagruppen.se\/fackenochframtiden\/2025\/03\/17\/adnan-habibija\/\" target=\"_self\"  ><img loading=\"lazy\" decoding=\"async\" width=\"750\" height=\"750\" src=\"https:\/\/arenagruppen.se\/fackenochframtiden\/wp-content\/uploads\/sites\/14\/2025\/03\/adnan-habibija-kvadrat.jpg\" class=\"attachment-post-thumbnail size-post-thumbnail wp-post-image\" alt=\"Adnan Habibija\" style=\"object-fit:cover;\" srcset=\"https:\/\/arenagruppen.se\/fackenochframtiden\/wp-content\/uploads\/sites\/14\/2025\/03\/adnan-habibija-kvadrat.jpg 750w, https:\/\/arenagruppen.se\/fackenochframtiden\/wp-content\/uploads\/sites\/14\/2025\/03\/adnan-habibija-kvadrat-300x300.jpg 300w, https:\/\/arenagruppen.se\/fackenochframtiden\/wp-content\/uploads\/sites\/14\/2025\/03\/adnan-habibija-kvadrat-150x150.jpg 150w\" sizes=\"(max-width: 750px) 100vw, 750px\" \/><\/a><\/figure><\/div>\n<\/div>\n<\/div>\n<\/div>\n\n\n<h4 class=\"wp-block-post-title\"><a href=\"https:\/\/arenagruppen.se\/fackenochframtiden\/2025\/03\/17\/adnan-habibija\/\" target=\"_self\" >Adnan Habibija<\/a><\/h4>\n\n<div class=\"wp-block-post-excerpt\"><p class=\"wp-block-post-excerpt__excerpt\">Arbetsmarknadsexpert, TUAC<\/p><p class=\"wp-block-post-excerpt__more-text\"><a class=\"wp-block-post-excerpt__more-link\" href=\"https:\/\/arenagruppen.se\/fackenochframtiden\/2025\/03\/17\/adnan-habibija\/\"><strong>L\u00e4s mer h\u00e4r<\/strong><\/a><\/p><\/div>\n<\/li><li class=\"wp-block-post post-417 post type-post status-publish format-standard has-post-thumbnail hentry category-medverkande\">\n\n<div class=\"wp-block-columns alignwide are-vertically-aligned-top is-layout-flex wp-container-core-columns-is-layout-28f84493 wp-block-columns-is-layout-flex\">\n<div class=\"wp-block-column is-vertically-aligned-top is-layout-flow wp-block-column-is-layout-flow\" style=\"flex-basis:66.66%\">\n<div class=\"wp-block-group has-global-padding is-layout-constrained wp-block-group-is-layout-constrained\">\n<div class=\"wp-block-group has-global-padding is-layout-constrained wp-block-group-is-layout-constrained\"><figure class=\"alignleft wp-block-post-featured-image\"><a href=\"https:\/\/arenagruppen.se\/fackenochframtiden\/2025\/03\/17\/thomas-carlen\/\" target=\"_self\"  ><img loading=\"lazy\" decoding=\"async\" width=\"500\" height=\"500\" src=\"https:\/\/arenagruppen.se\/fackenochframtiden\/wp-content\/uploads\/sites\/14\/2025\/05\/portratt-kvadrat-7.jpg\" class=\"attachment-post-thumbnail size-post-thumbnail wp-post-image\" alt=\"Thomas Carl\u00e9n\" style=\"object-fit:cover;\" srcset=\"https:\/\/arenagruppen.se\/fackenochframtiden\/wp-content\/uploads\/sites\/14\/2025\/05\/portratt-kvadrat-7.jpg 500w, https:\/\/arenagruppen.se\/fackenochframtiden\/wp-content\/uploads\/sites\/14\/2025\/05\/portratt-kvadrat-7-300x300.jpg 300w, https:\/\/arenagruppen.se\/fackenochframtiden\/wp-content\/uploads\/sites\/14\/2025\/05\/portratt-kvadrat-7-150x150.jpg 150w\" sizes=\"(max-width: 500px) 100vw, 500px\" \/><\/a><\/figure><\/div>\n<\/div>\n<\/div>\n<\/div>\n\n\n<h4 class=\"wp-block-post-title\"><a href=\"https:\/\/arenagruppen.se\/fackenochframtiden\/2025\/03\/17\/thomas-carlen\/\" target=\"_self\" >Thomas Carl\u00e9n<\/a><\/h4>\n\n<div class=\"wp-block-post-excerpt\"><p class=\"wp-block-post-excerpt__excerpt\">LO-ekonom<\/p><p class=\"wp-block-post-excerpt__more-text\"><a class=\"wp-block-post-excerpt__more-link\" href=\"https:\/\/arenagruppen.se\/fackenochframtiden\/2025\/03\/17\/thomas-carlen\/\"><strong>L\u00e4s mer h\u00e4r<\/strong><\/a><\/p><\/div>\n<\/li><li class=\"wp-block-post post-63 post type-post status-publish format-standard has-post-thumbnail hentry category-medverkande\">\n\n<div class=\"wp-block-columns alignwide are-vertically-aligned-top is-layout-flex wp-container-core-columns-is-layout-28f84493 wp-block-columns-is-layout-flex\">\n<div class=\"wp-block-column is-vertically-aligned-top is-layout-flow wp-block-column-is-layout-flow\" style=\"flex-basis:66.66%\">\n<div class=\"wp-block-group has-global-padding is-layout-constrained wp-block-group-is-layout-constrained\">\n<div class=\"wp-block-group has-global-padding is-layout-constrained wp-block-group-is-layout-constrained\"><figure class=\"alignleft wp-block-post-featured-image\"><a href=\"https:\/\/arenagruppen.se\/fackenochframtiden\/2024\/03\/10\/daniel-lind\/\" target=\"_self\"  ><img loading=\"lazy\" decoding=\"async\" width=\"1080\" height=\"1080\" src=\"https:\/\/arenagruppen.se\/fackenochframtiden\/wp-content\/uploads\/sites\/14\/2024\/03\/rityta-8.jpg\" class=\"attachment-post-thumbnail size-post-thumbnail wp-post-image\" alt=\"Daniel Lind\" style=\"object-fit:cover;\" srcset=\"https:\/\/arenagruppen.se\/fackenochframtiden\/wp-content\/uploads\/sites\/14\/2024\/03\/rityta-8.jpg 1080w, https:\/\/arenagruppen.se\/fackenochframtiden\/wp-content\/uploads\/sites\/14\/2024\/03\/rityta-8-300x300.jpg 300w, https:\/\/arenagruppen.se\/fackenochframtiden\/wp-content\/uploads\/sites\/14\/2024\/03\/rityta-8-1024x1024.jpg 1024w, https:\/\/arenagruppen.se\/fackenochframtiden\/wp-content\/uploads\/sites\/14\/2024\/03\/rityta-8-150x150.jpg 150w, https:\/\/arenagruppen.se\/fackenochframtiden\/wp-content\/uploads\/sites\/14\/2024\/03\/rityta-8-768x768.jpg 768w\" sizes=\"(max-width: 1080px) 100vw, 1080px\" \/><\/a><\/figure><\/div>\n<\/div>\n<\/div>\n<\/div>\n\n\n<h4 class=\"wp-block-post-title\"><a href=\"https:\/\/arenagruppen.se\/fackenochframtiden\/2024\/03\/10\/daniel-lind\/\" target=\"_self\" >Daniel Lind<\/a><\/h4>\n\n<div class=\"wp-block-post-excerpt\"><p class=\"wp-block-post-excerpt__excerpt\">Moderator<\/p><p class=\"wp-block-post-excerpt__more-text\"><a class=\"wp-block-post-excerpt__more-link\" href=\"https:\/\/arenagruppen.se\/fackenochframtiden\/2024\/03\/10\/daniel-lind\/\"><strong>L\u00e4s mer h\u00e4r<\/strong><\/a><\/p><\/div>\n<\/li><li class=\"wp-block-post post-59 post type-post status-publish format-standard has-post-thumbnail hentry category-medverkande\">\n\n<div class=\"wp-block-columns alignwide are-vertically-aligned-top is-layout-flex wp-container-core-columns-is-layout-28f84493 wp-block-columns-is-layout-flex\">\n<div class=\"wp-block-column is-vertically-aligned-top is-layout-flow wp-block-column-is-layout-flow\" style=\"flex-basis:66.66%\">\n<div class=\"wp-block-group has-global-padding is-layout-constrained wp-block-group-is-layout-constrained\">\n<div class=\"wp-block-group has-global-padding is-layout-constrained wp-block-group-is-layout-constrained\"><figure class=\"alignleft wp-block-post-featured-image\"><a href=\"https:\/\/arenagruppen.se\/fackenochframtiden\/2024\/03\/10\/elinor-odeberg\/\" target=\"_self\"  ><img loading=\"lazy\" decoding=\"async\" width=\"1740\" height=\"1740\" src=\"https:\/\/arenagruppen.se\/fackenochframtiden\/wp-content\/uploads\/sites\/14\/2025\/03\/elinorkvadrat.png\" class=\"attachment-post-thumbnail size-post-thumbnail wp-post-image\" alt=\"Elinor Odeberg\" style=\"object-fit:cover;\" srcset=\"https:\/\/arenagruppen.se\/fackenochframtiden\/wp-content\/uploads\/sites\/14\/2025\/03\/elinorkvadrat.png 1740w, https:\/\/arenagruppen.se\/fackenochframtiden\/wp-content\/uploads\/sites\/14\/2025\/03\/elinorkvadrat-300x300.png 300w, https:\/\/arenagruppen.se\/fackenochframtiden\/wp-content\/uploads\/sites\/14\/2025\/03\/elinorkvadrat-1024x1024.png 1024w, https:\/\/arenagruppen.se\/fackenochframtiden\/wp-content\/uploads\/sites\/14\/2025\/03\/elinorkvadrat-150x150.png 150w, https:\/\/arenagruppen.se\/fackenochframtiden\/wp-content\/uploads\/sites\/14\/2025\/03\/elinorkvadrat-768x768.png 768w, https:\/\/arenagruppen.se\/fackenochframtiden\/wp-content\/uploads\/sites\/14\/2025\/03\/elinorkvadrat-1536x1536.png 1536w\" sizes=\"(max-width: 1740px) 100vw, 1740px\" \/><\/a><\/figure><\/div>\n<\/div>\n<\/div>\n<\/div>\n\n\n<h4 class=\"wp-block-post-title\"><a href=\"https:\/\/arenagruppen.se\/fackenochframtiden\/2024\/03\/10\/elinor-odeberg\/\" target=\"_self\" >Elinor Odeberg<\/a><\/h4>\n\n<div class=\"wp-block-post-excerpt\"><p class=\"wp-block-post-excerpt__excerpt\">Moderator<\/p><p class=\"wp-block-post-excerpt__more-text\"><a class=\"wp-block-post-excerpt__more-link\" href=\"https:\/\/arenagruppen.se\/fackenochframtiden\/2024\/03\/10\/elinor-odeberg\/\"><strong>L\u00e4s mer h\u00e4r<\/strong><\/a><\/p><\/div>\n<\/li><\/ul><\/div>\n<\/div>\n","protected":false},"excerpt":{"rendered":"<p>Fler medverkande tillkommer \u2013 More participants will be added<\/p>\n","protected":false},"author":1,"featured_media":0,"parent":0,"menu_order":0,"comment_status":"closed","ping_status":"closed","template":"","meta":{"footnotes":""},"class_list":["post-14","page","type-page","status-publish","hentry"],"yoast_head":"<!-- This site is optimized with the Yoast SEO plugin v19.12 - https:\/\/yoast.com\/wordpress\/plugins\/seo\/ -->\n<title>Medverkande - Facken och framtiden<\/title>\n<meta name=\"robots\" content=\"index, follow, max-snippet:-1, max-image-preview:large, max-video-preview:-1\" \/>\n<link rel=\"canonical\" href=\"https:\/\/arenagruppen.se\/fackenochframtiden\/medverkande\/\" \/>\n<meta property=\"og:locale\" content=\"sv_SE\" \/>\n<meta property=\"og:type\" content=\"article\" \/>\n<meta property=\"og:title\" content=\"Medverkande - Facken och framtiden\" \/>\n<meta property=\"og:description\" content=\"Fler medverkande tillkommer \u2013 More participants will be added\" \/>\n<meta property=\"og:url\" content=\"https:\/\/arenagruppen.se\/fackenochframtiden\/medverkande\/\" \/>\n<meta property=\"og:site_name\" content=\"Facken och framtiden\" \/>\n<meta property=\"article:modified_time\" content=\"2025-03-20T10:23:54+00:00\" \/>\n<meta property=\"og:image\" content=\"https:\/\/arenagruppen.se\/fackenochframtiden\/wp-content\/uploads\/sites\/14\/2025\/03\/modern-labour-markets-omslag.png\" \/>\n\t<meta property=\"og:image:width\" content=\"9422\" \/>\n\t<meta property=\"og:image:height\" content=\"4947\" \/>\n\t<meta property=\"og:image:type\" content=\"image\/png\" \/>\n<meta name=\"twitter:card\" content=\"summary_large_image\" \/>\n<script type=\"application\/ld+json\" class=\"yoast-schema-graph\">{\"@context\":\"https:\/\/schema.org\",\"@graph\":[{\"@type\":\"WebPage\",\"@id\":\"https:\/\/arenagruppen.se\/fackenochframtiden\/medverkande\/\",\"url\":\"https:\/\/arenagruppen.se\/fackenochframtiden\/medverkande\/\",\"name\":\"Medverkande - Facken och framtiden\",\"isPartOf\":{\"@id\":\"https:\/\/arenagruppen.se\/fackenochframtiden\/#website\"},\"datePublished\":\"2024-03-05T14:10:09+00:00\",\"dateModified\":\"2025-03-20T10:23:54+00:00\",\"breadcrumb\":{\"@id\":\"https:\/\/arenagruppen.se\/fackenochframtiden\/medverkande\/#breadcrumb\"},\"inLanguage\":\"sv-SE\",\"potentialAction\":[{\"@type\":\"ReadAction\",\"target\":[\"https:\/\/arenagruppen.se\/fackenochframtiden\/medverkande\/\"]}]},{\"@type\":\"BreadcrumbList\",\"@id\":\"https:\/\/arenagruppen.se\/fackenochframtiden\/medverkande\/#breadcrumb\",\"itemListElement\":[{\"@type\":\"ListItem\",\"position\":1,\"name\":\"Hem\",\"item\":\"https:\/\/arenagruppen.se\/fackenochframtiden\/\"},{\"@type\":\"ListItem\",\"position\":2,\"name\":\"Medverkande\"}]},{\"@type\":\"WebSite\",\"@id\":\"https:\/\/arenagruppen.se\/fackenochframtiden\/#website\",\"url\":\"https:\/\/arenagruppen.se\/fackenochframtiden\/\",\"name\":\"Facken och framtiden\",\"description\":\"Modern labour markets\",\"publisher\":{\"@id\":\"https:\/\/arenagruppen.se\/fackenochframtiden\/#organization\"},\"potentialAction\":[{\"@type\":\"SearchAction\",\"target\":{\"@type\":\"EntryPoint\",\"urlTemplate\":\"https:\/\/arenagruppen.se\/fackenochframtiden\/?s={search_term_string}\"},\"query-input\":\"required name=search_term_string\"}],\"inLanguage\":\"sv-SE\"},{\"@type\":\"Organization\",\"@id\":\"https:\/\/arenagruppen.se\/fackenochframtiden\/#organization\",\"name\":\"Produktivitetskommissionen\",\"url\":\"https:\/\/arenagruppen.se\/fackenochframtiden\/\",\"logo\":{\"@type\":\"ImageObject\",\"inLanguage\":\"sv-SE\",\"@id\":\"https:\/\/arenagruppen.se\/fackenochframtiden\/#\/schema\/logo\/image\/\",\"url\":\"https:\/\/arenagruppen.se\/arbetsmarknader\/wp-content\/uploads\/sites\/14\/2025\/03\/modern-labour-markets-omslag.png\",\"contentUrl\":\"https:\/\/arenagruppen.se\/arbetsmarknader\/wp-content\/uploads\/sites\/14\/2025\/03\/modern-labour-markets-omslag.png\",\"width\":9422,\"height\":4947,\"caption\":\"Produktivitetskommissionen\"},\"image\":{\"@id\":\"https:\/\/arenagruppen.se\/fackenochframtiden\/#\/schema\/logo\/image\/\"}}]}<\/script>\n<!-- \/ Yoast SEO plugin. -->","yoast_head_json":{"title":"Medverkande - Facken och framtiden","robots":{"index":"index","follow":"follow","max-snippet":"max-snippet:-1","max-image-preview":"max-image-preview:large","max-video-preview":"max-video-preview:-1"},"canonical":"https:\/\/arenagruppen.se\/fackenochframtiden\/medverkande\/","og_locale":"sv_SE","og_type":"article","og_title":"Medverkande - Facken och framtiden","og_description":"Fler medverkande tillkommer \u2013 More participants will be added","og_url":"https:\/\/arenagruppen.se\/fackenochframtiden\/medverkande\/","og_site_name":"Facken och framtiden","article_modified_time":"2025-03-20T10:23:54+00:00","og_image":[{"width":9422,"height":4947,"url":"https:\/\/arenagruppen.se\/fackenochframtiden\/wp-content\/uploads\/sites\/14\/2025\/03\/modern-labour-markets-omslag.png","type":"image\/png"}],"twitter_card":"summary_large_image","schema":{"@context":"https:\/\/schema.org","@graph":[{"@type":"WebPage","@id":"https:\/\/arenagruppen.se\/fackenochframtiden\/medverkande\/","url":"https:\/\/arenagruppen.se\/fackenochframtiden\/medverkande\/","name":"Medverkande - Facken och framtiden","isPartOf":{"@id":"https:\/\/arenagruppen.se\/fackenochframtiden\/#website"},"datePublished":"2024-03-05T14:10:09+00:00","dateModified":"2025-03-20T10:23:54+00:00","breadcrumb":{"@id":"https:\/\/arenagruppen.se\/fackenochframtiden\/medverkande\/#breadcrumb"},"inLanguage":"sv-SE","potentialAction":[{"@type":"ReadAction","target":["https:\/\/arenagruppen.se\/fackenochframtiden\/medverkande\/"]}]},{"@type":"BreadcrumbList","@id":"https:\/\/arenagruppen.se\/fackenochframtiden\/medverkande\/#breadcrumb","itemListElement":[{"@type":"ListItem","position":1,"name":"Hem","item":"https:\/\/arenagruppen.se\/fackenochframtiden\/"},{"@type":"ListItem","position":2,"name":"Medverkande"}]},{"@type":"WebSite","@id":"https:\/\/arenagruppen.se\/fackenochframtiden\/#website","url":"https:\/\/arenagruppen.se\/fackenochframtiden\/","name":"Facken och framtiden","description":"Modern labour markets","publisher":{"@id":"https:\/\/arenagruppen.se\/fackenochframtiden\/#organization"},"potentialAction":[{"@type":"SearchAction","target":{"@type":"EntryPoint","urlTemplate":"https:\/\/arenagruppen.se\/fackenochframtiden\/?s={search_term_string}"},"query-input":"required name=search_term_string"}],"inLanguage":"sv-SE"},{"@type":"Organization","@id":"https:\/\/arenagruppen.se\/fackenochframtiden\/#organization","name":"Produktivitetskommissionen","url":"https:\/\/arenagruppen.se\/fackenochframtiden\/","logo":{"@type":"ImageObject","inLanguage":"sv-SE","@id":"https:\/\/arenagruppen.se\/fackenochframtiden\/#\/schema\/logo\/image\/","url":"https:\/\/arenagruppen.se\/arbetsmarknader\/wp-content\/uploads\/sites\/14\/2025\/03\/modern-labour-markets-omslag.png","contentUrl":"https:\/\/arenagruppen.se\/arbetsmarknader\/wp-content\/uploads\/sites\/14\/2025\/03\/modern-labour-markets-omslag.png","width":9422,"height":4947,"caption":"Produktivitetskommissionen"},"image":{"@id":"https:\/\/arenagruppen.se\/fackenochframtiden\/#\/schema\/logo\/image\/"}}]}},"_links":{"self":[{"href":"https:\/\/arenagruppen.se\/fackenochframtiden\/wp-json\/wp\/v2\/pages\/14","targetHints":{"allow":["GET"]}}],"collection":[{"href":"https:\/\/arenagruppen.se\/fackenochframtiden\/wp-json\/wp\/v2\/pages"}],"about":[{"href":"https:\/\/arenagruppen.se\/fackenochframtiden\/wp-json\/wp\/v2\/types\/page"}],"author":[{"embeddable":true,"href":"https:\/\/arenagruppen.se\/fackenochframtiden\/wp-json\/wp\/v2\/users\/1"}],"replies":[{"embeddable":true,"href":"https:\/\/arenagruppen.se\/fackenochframtiden\/wp-json\/wp\/v2\/comments?post=14"}],"version-history":[{"count":9,"href":"https:\/\/arenagruppen.se\/fackenochframtiden\/wp-json\/wp\/v2\/pages\/14\/revisions"}],"predecessor-version":[{"id":737,"href":"https:\/\/arenagruppen.se\/fackenochframtiden\/wp-json\/wp\/v2\/pages\/14\/revisions\/737"}],"wp:attachment":[{"href":"https:\/\/arenagruppen.se\/fackenochframtiden\/wp-json\/wp\/v2\/media?parent=14"}],"curies":[{"name":"wp","href":"https:\/\/api.w.org\/{rel}","templated":true}]}}